{"id":1360,"date":"2021-11-14T21:56:05","date_gmt":"2021-11-14T21:56:05","guid":{"rendered":"https:\/\/colaboratorioic.org\/manifiesto\/"},"modified":"2022-06-10T13:34:42","modified_gmt":"2022-06-10T13:34:42","slug":"manifiest","status":"publish","type":"page","link":"https:\/\/colaboratorioic.org\/ca\/manifiest\/","title":{"rendered":"Manifest"},"content":{"rendered":"<div class=\"wpb-content-wrapper\"><p>[vc_row gap=&#8221;30&#8243; content_placement=&#8221;bottom&#8221; css_animation=&#8221;fadeIn&#8221; el_class=&#8221;submenus&#8221;][vc_column][vc_row_inner content_placement=&#8221;middle&#8221; css=&#8221;.vc_custom_1648710880321{padding-top: 5vh !important;padding-bottom: 1vh !important;}&#8221;][vc_column_inner width=&#8221;3\/5&#8243;][vc_column_text]<\/p>\n<h4>Manifest<\/h4>\n<h1>Posem la Innovaci\u00f3 Ciutadana en l&#8217;agenda p\u00fablica. Quantes m\u00e9s i m\u00e9s diverses siguem, m\u00e9s pot\u00e8ncia tindr\u00e0 aquest moviment. S\u00daMAT-HI!<\/h1>\n<p>[\/vc_column_text][\/vc_column_inner][vc_column_inner width=&#8221;2\/5&#8243;][vc_single_image image=&#8221;1196&#8243; img_size=&#8221;full&#8221; css_animation=&#8221;left-to-right&#8221;][\/vc_column_inner][\/vc_row_inner][vc_icon type=&#8221;material&#8221; icon_material=&#8221;vc-material vc-material-arrow_downward&#8221; color=&#8221;custom&#8221; size=&#8221;lg&#8221; css_animation=&#8221;fadeInDown&#8221; custom_color=&#8221;#f4adad&#8221;][vc_separator color=&#8221;black&#8221; border_width=&#8221;2&#8243; el_class=&#8221;nomarginbottom&#8221;][\/vc_column][\/vc_row][vc_row css_animation=&#8221;fadeIn&#8221;][vc_column][vc_tta_tabs style=&#8221;outline&#8221; shape=&#8221;round&#8221; color=&#8221;black&#8221; spacing=&#8221;30&#8243; active_section=&#8221;1&#8243; no_fill_content_area=&#8221;true&#8221; css=&#8221;.vc_custom_1650867839235{background-color: #fff9ee !important;}&#8221; el_class=&#8221;manifiesto&#8221;][vc_tta_section title=&#8221;Manifest&#8221; tab_id=&#8221;manifiesto&#8221;][vc_row_inner gap=&#8221;30&#8243; css=&#8221;.vc_custom_1648220122425{border-top-width: 1px !important;padding-top: 0px !important;padding-right: 0px !important;padding-bottom: 0px !important;padding-left: 0px !important;border-top-color: #000000 !important;border-top-style: solid !important;}&#8221;][vc_column_inner width=&#8221;1\/3&#8243;][vc_column_text]<\/p>\n<h4>Manifest<\/h4>\n<h2>La innovaci\u00f3 ciutadana, una oportunitat per a un m\u00f3n en transici\u00f3<\/h2>\n<p>[\/vc_column_text][\/vc_column_inner][vc_column_inner width=&#8221;2\/3&#8243;][vc_column_text]<\/p>\n<h5>La Innovaci\u00f3 Ciutadana (IC) \u00e9s clau per a trobar col\u00b7lectivament camins diferents, creatius i il\u00b7lusionants amb els quals abordar de manera positiva les transformacions i transicions que tenim per davant. Per\u00f2, per a desplegar tota la seua pot\u00e8ncia, necessitem que tinga m\u00e9s pres\u00e8ncia en l\u2019agenda p\u00fablica i institucional, que siga m\u00e9s visible i reconeguda i que augmente la seua base social.<\/h5>\n<h5>Amb aquest objectiu, des del Colaboratorio IC proposem una s\u00e8rie de mesures per a promoure la innovaci\u00f3 ciutadana. I fem una crida a sumar-te per a aconseguir-ho, amb la teua signatura, ajudant a moure-ho i participant en diferents trobades i grups de treball.<\/h5>\n<p>&nbsp;<\/p>\n<p>Vivim temps de canvis i incertesa. Els desafiaments que tenim per davant, per la seua dimensi\u00f3, complexitat i\/o emerg\u00e8ncia, desborden els habituals sistemes institucionals, tecnocient\u00edfics i de mercat. Afrontem unes transformacions i transicions ineludibles en tots els \u00e0mbits de la vida, que, m\u00e9s enll\u00e0 de les formes cl\u00e0ssiques d\u2019organitzaci\u00f3 social, requereixen maneres noves de relacionar-nos, de conviure i de produir en com\u00fa. Necessitem respostes positives i il\u00b7lusionants que siguen fruit de la intel\u00b7lig\u00e8ncia col\u00b7lectiva, de la col\u00b7laboraci\u00f3 entre agents de diferents tipus i sectors i de la mescla de coneixements, capacitats i experi\u00e8ncies diverses.<\/p>\n<p>Davant d\u2019aix\u00f2, la Innovaci\u00f3 Ciutadana s\u2019hi presenta com una gran oportunitat. Sorgeix de la implicaci\u00f3 activa de la societat civil, de les persones i comunitats afectades i interessades en cada desafiament, per a la coproducci\u00f3 de respostes significatives, creatives i adaptades a les seues necessitats i a la realitat de cada territori. Una forma d\u2019innovaci\u00f3 que es basa a experimentar col\u00b7lectivament solucions, en tota mena de formats (serveis, productes, processos, pol\u00edtiques\u2026), que milloren la vida i l\u2019entorn. Propostes que, si funcionen, puguen desenvolupar-se tamb\u00e9 a una escala m\u00e9s gran i\/o transferir-se a altres entorns. A m\u00e9s, la IC es complementa, s\u2019enriqueix i es refor\u00e7a de manera oberta i transversal amb la participaci\u00f3 democr\u00e0tica, aix\u00ed com amb altres formes d\u2019innovaci\u00f3 en \u00e0mbits tan diversos com l\u2019acci\u00f3 social, el medi ambient, la salut, l\u2019educaci\u00f3, la cultura, l\u2019economia o la tecnologia.<\/p>\n<p>La Innovaci\u00f3 Ciutadana fa ja temps que est\u00e0 madurant, s\u2019ha est\u00e9s i, en la seua multiplicitat de formes i d\u2019expressions, no para de demostrar la seua capacitat i efic\u00e0cia per a identificar reptes i escometre\u2019ls. Per\u00f2 \u00e9s necessari que la IC trenque el seu sostre de cristall, deixe de ser percebuda com la resposta a moments excepcionals i d\u2019emerg\u00e8ncia i passe a entendre\u2019s i estendre\u2019s com una pr\u00e0ctica continuada i integrada en el dia a dia, tant dins com fora de les institucions.<\/p>\n<p>Per aix\u00f2, estem en un moment determinant en el qual cal que la Innovaci\u00f3 Ciutadana desplegue tot el seu potencial, que siga m\u00e9s visible i reconeguda i augmente la seua base social. \u00c9s important que la IC tinga m\u00e9s pres\u00e8ncia en l\u2019agenda p\u00fablica i institucional i que, al mateix temps, estiga m\u00e9s prop de la societat civil, de les seues problem\u00e0tiques, de les seues necessitats i dels seus projectes de vida.<\/p>\n<p>I, amb aquest prop\u00f2sit, fem un manifest i proposem una s\u00e8rie de l\u00ednies d\u2019actuaci\u00f3 priorit\u00e0ries:<\/p>\n<ol>\n<li><strong>Contribuir a una millor articulaci\u00f3 i sosteniment de l\u2019ecosistema d\u2019innovaci\u00f3 ciutadana.<\/strong> Promoure les relacions entre les diferents tipologies d\u2019agents a diferents escales territorials i competencials. Establir una governan\u00e7a col\u00b7laborativa i distribu\u00efda de l\u2019ecosistema, que possibilite diferents formes de participaci\u00f3 i nivells d\u2019implicaci\u00f3.<br \/>\n<img loading=\"lazy\" decoding=\"async\" class=\"size-medium wp-image-2984 aligncenter\" src=\"https:\/\/colaboratorioic.org\/wp-content\/uploads\/2022\/05\/ilustraciones_manifiesto_01_rosa-1-300x274.png\" alt=\"Manifiesto IC \u2014 1\" width=\"300\" height=\"274\" srcset=\"https:\/\/colaboratorioic.org\/wp-content\/uploads\/2022\/05\/ilustraciones_manifiesto_01_rosa-1-300x274.png 300w, https:\/\/colaboratorioic.org\/wp-content\/uploads\/2022\/05\/ilustraciones_manifiesto_01_rosa-1-1024x936.png 1024w, https:\/\/colaboratorioic.org\/wp-content\/uploads\/2022\/05\/ilustraciones_manifiesto_01_rosa-1-768x702.png 768w, https:\/\/colaboratorioic.org\/wp-content\/uploads\/2022\/05\/ilustraciones_manifiesto_01_rosa-1-1536x1405.png 1536w, https:\/\/colaboratorioic.org\/wp-content\/uploads\/2022\/05\/ilustraciones_manifiesto_01_rosa-1-2048x1873.png 2048w, https:\/\/colaboratorioic.org\/wp-content\/uploads\/2022\/05\/ilustraciones_manifiesto_01_rosa-1-1612x1474.png 1612w, https:\/\/colaboratorioic.org\/wp-content\/uploads\/2022\/05\/ilustraciones_manifiesto_01_rosa-1-1116x1020.png 1116w, https:\/\/colaboratorioic.org\/wp-content\/uploads\/2022\/05\/ilustraciones_manifiesto_01_rosa-1-806x737.png 806w, https:\/\/colaboratorioic.org\/wp-content\/uploads\/2022\/05\/ilustraciones_manifiesto_01_rosa-1-558x510.png 558w, https:\/\/colaboratorioic.org\/wp-content\/uploads\/2022\/05\/ilustraciones_manifiesto_01_rosa-1-655x599.png 655w\" sizes=\"auto, (max-width: 300px) 100vw, 300px\" \/><\/li>\n<li><strong>Visibilitzar, connectar i mobilitzar la multiplicitat d\u2019agents de l\u2019ecosistema, atenent la diversitat i complementarietat d\u2019\u00e0mbits d\u2019actuaci\u00f3 i perfils<\/strong> (ciutadania organitzada i no organitzada \/ administraci\u00f3 p\u00fablica \/ centres d\u2019educaci\u00f3 i investigaci\u00f3 \/ empreses i professionals). Cultivar di\u00e0legs, relacions significatives, aliances transversals i processos de col\u00b7laboraci\u00f3, en claus de confian\u00e7a, reconeixement i reciprocitat.<br \/>\n<img loading=\"lazy\" decoding=\"async\" class=\"size-medium wp-image-2989 aligncenter\" src=\"https:\/\/colaboratorioic.org\/wp-content\/uploads\/2022\/05\/ilustraciones_manifiesto_02_rosa-300x274.png\" alt=\"Manifiesto IC \u2014 2\" width=\"300\" height=\"274\" srcset=\"https:\/\/colaboratorioic.org\/wp-content\/uploads\/2022\/05\/ilustraciones_manifiesto_02_rosa-300x274.png 300w, https:\/\/colaboratorioic.org\/wp-content\/uploads\/2022\/05\/ilustraciones_manifiesto_02_rosa-1024x936.png 1024w, https:\/\/colaboratorioic.org\/wp-content\/uploads\/2022\/05\/ilustraciones_manifiesto_02_rosa-768x702.png 768w, https:\/\/colaboratorioic.org\/wp-content\/uploads\/2022\/05\/ilustraciones_manifiesto_02_rosa-1536x1405.png 1536w, https:\/\/colaboratorioic.org\/wp-content\/uploads\/2022\/05\/ilustraciones_manifiesto_02_rosa-2048x1873.png 2048w, https:\/\/colaboratorioic.org\/wp-content\/uploads\/2022\/05\/ilustraciones_manifiesto_02_rosa-1612x1474.png 1612w, https:\/\/colaboratorioic.org\/wp-content\/uploads\/2022\/05\/ilustraciones_manifiesto_02_rosa-1116x1020.png 1116w, https:\/\/colaboratorioic.org\/wp-content\/uploads\/2022\/05\/ilustraciones_manifiesto_02_rosa-806x737.png 806w, https:\/\/colaboratorioic.org\/wp-content\/uploads\/2022\/05\/ilustraciones_manifiesto_02_rosa-558x510.png 558w, https:\/\/colaboratorioic.org\/wp-content\/uploads\/2022\/05\/ilustraciones_manifiesto_02_rosa-655x599.png 655w\" sizes=\"auto, (max-width: 300px) 100vw, 300px\" \/><\/li>\n<li><strong>Acostar la Innovaci\u00f3 Ciutadana a la societat en general, buscant grups d\u2019inter\u00e9s i p\u00fablics espec\u00edfics.<\/strong> Destacar la capacitat socialment transformadora i cohesionadora de la IC i implicar, en la seua visibilitzaci\u00f3, mitjans de comunicaci\u00f3, institucions, agents socials, empreses, etc. Donar a con\u00e9ixer exemples pr\u00e0ctics que resulten il\u00b7lustratius i motivadors i que ajuden a recon\u00e9ixer-se dins d\u2019aquest marc a agents que habitualment no s\u2019identifiquen com a part d\u2019aquest.<br \/>\n<img loading=\"lazy\" decoding=\"async\" class=\"size-medium wp-image-2994 aligncenter\" src=\"https:\/\/colaboratorioic.org\/wp-content\/uploads\/2022\/05\/ilustraciones_manifiesto_03_rosa-300x274.png\" alt=\"Manifiesto IC \u2014 3\" width=\"300\" height=\"274\" srcset=\"https:\/\/colaboratorioic.org\/wp-content\/uploads\/2022\/05\/ilustraciones_manifiesto_03_rosa-300x274.png 300w, https:\/\/colaboratorioic.org\/wp-content\/uploads\/2022\/05\/ilustraciones_manifiesto_03_rosa-1024x936.png 1024w, https:\/\/colaboratorioic.org\/wp-content\/uploads\/2022\/05\/ilustraciones_manifiesto_03_rosa-768x702.png 768w, https:\/\/colaboratorioic.org\/wp-content\/uploads\/2022\/05\/ilustraciones_manifiesto_03_rosa-1536x1405.png 1536w, https:\/\/colaboratorioic.org\/wp-content\/uploads\/2022\/05\/ilustraciones_manifiesto_03_rosa-2048x1873.png 2048w, https:\/\/colaboratorioic.org\/wp-content\/uploads\/2022\/05\/ilustraciones_manifiesto_03_rosa-1612x1474.png 1612w, https:\/\/colaboratorioic.org\/wp-content\/uploads\/2022\/05\/ilustraciones_manifiesto_03_rosa-1116x1020.png 1116w, https:\/\/colaboratorioic.org\/wp-content\/uploads\/2022\/05\/ilustraciones_manifiesto_03_rosa-806x737.png 806w, https:\/\/colaboratorioic.org\/wp-content\/uploads\/2022\/05\/ilustraciones_manifiesto_03_rosa-558x510.png 558w, https:\/\/colaboratorioic.org\/wp-content\/uploads\/2022\/05\/ilustraciones_manifiesto_03_rosa-655x599.png 655w\" sizes=\"auto, (max-width: 300px) 100vw, 300px\" \/><\/li>\n<li><strong>Incorporar la Innovaci\u00f3 Ciutadana a les pol\u00edtiques p\u00fabliques de manera transversal, amb estrat\u00e8gies, plans i mesures concrets.<\/strong> Combinar-la amb altres formes d\u2019innovaci\u00f3 com la social, l\u2019oberta, la p\u00fablica, la cultural o la digital. I aconseguir que es reconega la seua especificitat dins dels sistemes de ci\u00e8ncia, tecnologia i innovaci\u00f3 com un concepte molt m\u00e9s ampli que la ci\u00e8ncia ciutadana.<br \/>\n<img loading=\"lazy\" decoding=\"async\" class=\"size-medium wp-image-2999 aligncenter\" src=\"https:\/\/colaboratorioic.org\/wp-content\/uploads\/2022\/05\/ilustraciones_manifiesto_04_rosa-300x274.png\" alt=\"Manifiesto IC \u2014 4\" width=\"300\" height=\"274\" srcset=\"https:\/\/colaboratorioic.org\/wp-content\/uploads\/2022\/05\/ilustraciones_manifiesto_04_rosa-300x274.png 300w, https:\/\/colaboratorioic.org\/wp-content\/uploads\/2022\/05\/ilustraciones_manifiesto_04_rosa-1024x936.png 1024w, https:\/\/colaboratorioic.org\/wp-content\/uploads\/2022\/05\/ilustraciones_manifiesto_04_rosa-768x702.png 768w, https:\/\/colaboratorioic.org\/wp-content\/uploads\/2022\/05\/ilustraciones_manifiesto_04_rosa-1536x1405.png 1536w, https:\/\/colaboratorioic.org\/wp-content\/uploads\/2022\/05\/ilustraciones_manifiesto_04_rosa-2048x1873.png 2048w, https:\/\/colaboratorioic.org\/wp-content\/uploads\/2022\/05\/ilustraciones_manifiesto_04_rosa-1612x1474.png 1612w, https:\/\/colaboratorioic.org\/wp-content\/uploads\/2022\/05\/ilustraciones_manifiesto_04_rosa-1116x1020.png 1116w, https:\/\/colaboratorioic.org\/wp-content\/uploads\/2022\/05\/ilustraciones_manifiesto_04_rosa-806x737.png 806w, https:\/\/colaboratorioic.org\/wp-content\/uploads\/2022\/05\/ilustraciones_manifiesto_04_rosa-558x510.png 558w, https:\/\/colaboratorioic.org\/wp-content\/uploads\/2022\/05\/ilustraciones_manifiesto_04_rosa-655x599.png 655w\" sizes=\"auto, (max-width: 300px) 100vw, 300px\" \/><\/li>\n<li><strong>Potenciar la proliferaci\u00f3 de laboratoris de tipologia diversa, com a infraestructures h\u00edbrides clau per al desenvolupament de la innovaci\u00f3 ciutadana i l\u2019articulaci\u00f3 del seu ecosistema.<\/strong> Enfortir la seua funci\u00f3 com a espais clau per a la investigaci\u00f3 i la innovaci\u00f3, per a aprendre a participar, a experimentar i a coproduir. Visibilitzar el valor d\u2019aquests com a llocs de refer\u00e8ncia, trobada i relaci\u00f3, com a catalitzadors de processos i mediacions, facilitadors de metodologies o amplificadors i divulgadors dels resultats.<br \/>\n<img loading=\"lazy\" decoding=\"async\" class=\"size-medium wp-image-3004 aligncenter\" src=\"https:\/\/colaboratorioic.org\/wp-content\/uploads\/2022\/05\/ilustraciones_manifiesto_05_rosa-300x274.png\" alt=\"Manifiesto IC \u2014 5\" width=\"300\" height=\"274\" srcset=\"https:\/\/colaboratorioic.org\/wp-content\/uploads\/2022\/05\/ilustraciones_manifiesto_05_rosa-300x274.png 300w, https:\/\/colaboratorioic.org\/wp-content\/uploads\/2022\/05\/ilustraciones_manifiesto_05_rosa-1024x936.png 1024w, https:\/\/colaboratorioic.org\/wp-content\/uploads\/2022\/05\/ilustraciones_manifiesto_05_rosa-768x702.png 768w, https:\/\/colaboratorioic.org\/wp-content\/uploads\/2022\/05\/ilustraciones_manifiesto_05_rosa-1536x1405.png 1536w, https:\/\/colaboratorioic.org\/wp-content\/uploads\/2022\/05\/ilustraciones_manifiesto_05_rosa-2048x1873.png 2048w, https:\/\/colaboratorioic.org\/wp-content\/uploads\/2022\/05\/ilustraciones_manifiesto_05_rosa-1612x1474.png 1612w, https:\/\/colaboratorioic.org\/wp-content\/uploads\/2022\/05\/ilustraciones_manifiesto_05_rosa-1116x1020.png 1116w, https:\/\/colaboratorioic.org\/wp-content\/uploads\/2022\/05\/ilustraciones_manifiesto_05_rosa-806x737.png 806w, https:\/\/colaboratorioic.org\/wp-content\/uploads\/2022\/05\/ilustraciones_manifiesto_05_rosa-558x510.png 558w, https:\/\/colaboratorioic.org\/wp-content\/uploads\/2022\/05\/ilustraciones_manifiesto_05_rosa-655x599.png 655w\" sizes=\"auto, (max-width: 300px) 100vw, 300px\" \/><\/li>\n<li><strong>Promoure una xarxa distribu\u00efda i federada de laboratoris i altres agents intermedis que servisquen com a nodes connectors de l\u2019ecosistema, desenvolupen accions conjuntes i entretixen relacions<\/strong> tant a escala local (en barris, pobles i ciutats), com regional, estatal i internacional. Combinar laboratoris i agents m\u00e9s especialitzats i referencials, amb uns altres m\u00e9s de proximitat, lligats a realitats, tem\u00e0tiques i\/o comunitats concretes en biblioteques, centres culturals i comunitaris, escoles i universitats, ambulatoris, telecentres, oficines d\u2019ocupaci\u00f3, poliesportius, etc.<br \/>\n<img loading=\"lazy\" decoding=\"async\" class=\"size-medium wp-image-3009 aligncenter\" src=\"https:\/\/colaboratorioic.org\/wp-content\/uploads\/2022\/05\/ilustraciones_manifiesto_06_rosa-300x274.png\" alt=\"Manifiesto IC \u2014 6\" width=\"300\" height=\"274\" srcset=\"https:\/\/colaboratorioic.org\/wp-content\/uploads\/2022\/05\/ilustraciones_manifiesto_06_rosa-300x274.png 300w, https:\/\/colaboratorioic.org\/wp-content\/uploads\/2022\/05\/ilustraciones_manifiesto_06_rosa-1024x936.png 1024w, https:\/\/colaboratorioic.org\/wp-content\/uploads\/2022\/05\/ilustraciones_manifiesto_06_rosa-768x702.png 768w, https:\/\/colaboratorioic.org\/wp-content\/uploads\/2022\/05\/ilustraciones_manifiesto_06_rosa-1536x1405.png 1536w, https:\/\/colaboratorioic.org\/wp-content\/uploads\/2022\/05\/ilustraciones_manifiesto_06_rosa-2048x1873.png 2048w, https:\/\/colaboratorioic.org\/wp-content\/uploads\/2022\/05\/ilustraciones_manifiesto_06_rosa-1612x1474.png 1612w, https:\/\/colaboratorioic.org\/wp-content\/uploads\/2022\/05\/ilustraciones_manifiesto_06_rosa-1116x1020.png 1116w, https:\/\/colaboratorioic.org\/wp-content\/uploads\/2022\/05\/ilustraciones_manifiesto_06_rosa-806x737.png 806w, https:\/\/colaboratorioic.org\/wp-content\/uploads\/2022\/05\/ilustraciones_manifiesto_06_rosa-558x510.png 558w, https:\/\/colaboratorioic.org\/wp-content\/uploads\/2022\/05\/ilustraciones_manifiesto_06_rosa-655x599.png 655w\" sizes=\"auto, (max-width: 300px) 100vw, 300px\" \/><\/li>\n<li><strong>Impulsar la coproducci\u00f3 i la utilitzaci\u00f3 compartida d\u2019infraestructures, eines, metodologies i recursos comuns, sobre la base de les l\u00f2giques del coneixement i les tecnologies lliures i obertes.<\/strong> Dur a terme programes de formaci\u00f3 i acompanyament que afavorisquen el desenvolupament sobir\u00e0 de les persones i les comunitats i que faciliten la col\u00b7laboraci\u00f3 en xarxa.<br \/>\n<img loading=\"lazy\" decoding=\"async\" class=\"size-medium wp-image-3014 aligncenter\" src=\"https:\/\/colaboratorioic.org\/wp-content\/uploads\/2022\/05\/ilustraciones_manifiesto_07_rosa-300x274.png\" alt=\"Manifiesto IC \u2014 7\" width=\"300\" height=\"274\" srcset=\"https:\/\/colaboratorioic.org\/wp-content\/uploads\/2022\/05\/ilustraciones_manifiesto_07_rosa-300x274.png 300w, https:\/\/colaboratorioic.org\/wp-content\/uploads\/2022\/05\/ilustraciones_manifiesto_07_rosa-1024x936.png 1024w, https:\/\/colaboratorioic.org\/wp-content\/uploads\/2022\/05\/ilustraciones_manifiesto_07_rosa-768x702.png 768w, https:\/\/colaboratorioic.org\/wp-content\/uploads\/2022\/05\/ilustraciones_manifiesto_07_rosa-1536x1405.png 1536w, https:\/\/colaboratorioic.org\/wp-content\/uploads\/2022\/05\/ilustraciones_manifiesto_07_rosa-2048x1873.png 2048w, https:\/\/colaboratorioic.org\/wp-content\/uploads\/2022\/05\/ilustraciones_manifiesto_07_rosa-1612x1474.png 1612w, https:\/\/colaboratorioic.org\/wp-content\/uploads\/2022\/05\/ilustraciones_manifiesto_07_rosa-1116x1020.png 1116w, https:\/\/colaboratorioic.org\/wp-content\/uploads\/2022\/05\/ilustraciones_manifiesto_07_rosa-806x737.png 806w, https:\/\/colaboratorioic.org\/wp-content\/uploads\/2022\/05\/ilustraciones_manifiesto_07_rosa-558x510.png 558w, https:\/\/colaboratorioic.org\/wp-content\/uploads\/2022\/05\/ilustraciones_manifiesto_07_rosa-655x599.png 655w\" sizes=\"auto, (max-width: 300px) 100vw, 300px\" \/><\/li>\n<li><strong>Donar suport al desenvolupament de projectes concrets de manera col\u00b7laborativa, coprodu\u00efts entre agents diversos i adaptats als diferents contextos.<\/strong> Treballar en reptes comuns, responent a projectes vitals i necessitats espec\u00edfiques, connectant problem\u00e0tiques i\/o agendes locals amb marcs institucionals macro, com pot ser l\u2019Agenda 2030 i els ODS.<br \/>\n<img loading=\"lazy\" decoding=\"async\" class=\"size-medium wp-image-3019 aligncenter\" src=\"https:\/\/colaboratorioic.org\/wp-content\/uploads\/2022\/05\/ilustraciones_manifiesto_08_rosa-300x274.png\" alt=\"Manifiesto IC \u2014 8\" width=\"300\" height=\"274\" srcset=\"https:\/\/colaboratorioic.org\/wp-content\/uploads\/2022\/05\/ilustraciones_manifiesto_08_rosa-300x274.png 300w, https:\/\/colaboratorioic.org\/wp-content\/uploads\/2022\/05\/ilustraciones_manifiesto_08_rosa-1024x936.png 1024w, https:\/\/colaboratorioic.org\/wp-content\/uploads\/2022\/05\/ilustraciones_manifiesto_08_rosa-768x702.png 768w, https:\/\/colaboratorioic.org\/wp-content\/uploads\/2022\/05\/ilustraciones_manifiesto_08_rosa-1536x1405.png 1536w, https:\/\/colaboratorioic.org\/wp-content\/uploads\/2022\/05\/ilustraciones_manifiesto_08_rosa-2048x1873.png 2048w, https:\/\/colaboratorioic.org\/wp-content\/uploads\/2022\/05\/ilustraciones_manifiesto_08_rosa-1612x1474.png 1612w, https:\/\/colaboratorioic.org\/wp-content\/uploads\/2022\/05\/ilustraciones_manifiesto_08_rosa-1116x1020.png 1116w, https:\/\/colaboratorioic.org\/wp-content\/uploads\/2022\/05\/ilustraciones_manifiesto_08_rosa-806x737.png 806w, https:\/\/colaboratorioic.org\/wp-content\/uploads\/2022\/05\/ilustraciones_manifiesto_08_rosa-558x510.png 558w, https:\/\/colaboratorioic.org\/wp-content\/uploads\/2022\/05\/ilustraciones_manifiesto_08_rosa-655x599.png 655w\" sizes=\"auto, (max-width: 300px) 100vw, 300px\" \/><\/li>\n<li><strong>Introduir la Innovaci\u00f3 Ciutadana en el sistema educatiu amb un itinerari evolutiu des de Prim\u00e0ria a la universitat i al llarg de la vida<\/strong>, per al desenvolupament de compet\u00e8ncies transversals i la formaci\u00f3 d\u2019agents de canvi. Desenvolupar programes i\/o assignatures que combinen aprenentatge i pr\u00e0ctica, en qu\u00e8 es duguen a terme investigacions i projectes connectats amb reptes i comunitats concretes.<br \/>\n<img loading=\"lazy\" decoding=\"async\" class=\"size-medium wp-image-3024 aligncenter\" src=\"https:\/\/colaboratorioic.org\/wp-content\/uploads\/2022\/05\/ilustraciones_manifiesto_09_rosa-300x274.png\" alt=\"Manifiesto IC \u2014 9\" width=\"300\" height=\"274\" srcset=\"https:\/\/colaboratorioic.org\/wp-content\/uploads\/2022\/05\/ilustraciones_manifiesto_09_rosa-300x274.png 300w, https:\/\/colaboratorioic.org\/wp-content\/uploads\/2022\/05\/ilustraciones_manifiesto_09_rosa-1024x936.png 1024w, https:\/\/colaboratorioic.org\/wp-content\/uploads\/2022\/05\/ilustraciones_manifiesto_09_rosa-768x702.png 768w, https:\/\/colaboratorioic.org\/wp-content\/uploads\/2022\/05\/ilustraciones_manifiesto_09_rosa-1536x1405.png 1536w, https:\/\/colaboratorioic.org\/wp-content\/uploads\/2022\/05\/ilustraciones_manifiesto_09_rosa-2048x1873.png 2048w, https:\/\/colaboratorioic.org\/wp-content\/uploads\/2022\/05\/ilustraciones_manifiesto_09_rosa-1612x1474.png 1612w, https:\/\/colaboratorioic.org\/wp-content\/uploads\/2022\/05\/ilustraciones_manifiesto_09_rosa-1116x1020.png 1116w, https:\/\/colaboratorioic.org\/wp-content\/uploads\/2022\/05\/ilustraciones_manifiesto_09_rosa-806x737.png 806w, https:\/\/colaboratorioic.org\/wp-content\/uploads\/2022\/05\/ilustraciones_manifiesto_09_rosa-558x510.png 558w, https:\/\/colaboratorioic.org\/wp-content\/uploads\/2022\/05\/ilustraciones_manifiesto_09_rosa-655x599.png 655w\" sizes=\"auto, (max-width: 300px) 100vw, 300px\" \/><\/li>\n<li><strong>Desenvolupar un marc professional qualificat entorn de la Innovaci\u00f3 Ciutadana, sobre la base d\u2019un conjunt de compet\u00e8ncies facilitadores de relacions, processos i projectes.<\/strong> Identificar perfils professionals i desenvolupar programes i continguts formatius que permeten adquirir les habilitats t\u00e8cniques, metodol\u00f2giques i personals necess\u00e0ries.<br \/>\n<img loading=\"lazy\" decoding=\"async\" class=\"size-medium wp-image-3029 aligncenter\" src=\"https:\/\/colaboratorioic.org\/wp-content\/uploads\/2022\/05\/ilustraciones_manifiesto_10_rosa-300x274.png\" alt=\"Manifiesto IC \u2014 10\" width=\"300\" height=\"274\" srcset=\"https:\/\/colaboratorioic.org\/wp-content\/uploads\/2022\/05\/ilustraciones_manifiesto_10_rosa-300x274.png 300w, https:\/\/colaboratorioic.org\/wp-content\/uploads\/2022\/05\/ilustraciones_manifiesto_10_rosa-1024x936.png 1024w, https:\/\/colaboratorioic.org\/wp-content\/uploads\/2022\/05\/ilustraciones_manifiesto_10_rosa-768x702.png 768w, https:\/\/colaboratorioic.org\/wp-content\/uploads\/2022\/05\/ilustraciones_manifiesto_10_rosa-1536x1405.png 1536w, https:\/\/colaboratorioic.org\/wp-content\/uploads\/2022\/05\/ilustraciones_manifiesto_10_rosa-2048x1873.png 2048w, https:\/\/colaboratorioic.org\/wp-content\/uploads\/2022\/05\/ilustraciones_manifiesto_10_rosa-1612x1474.png 1612w, https:\/\/colaboratorioic.org\/wp-content\/uploads\/2022\/05\/ilustraciones_manifiesto_10_rosa-1116x1020.png 1116w, https:\/\/colaboratorioic.org\/wp-content\/uploads\/2022\/05\/ilustraciones_manifiesto_10_rosa-806x737.png 806w, https:\/\/colaboratorioic.org\/wp-content\/uploads\/2022\/05\/ilustraciones_manifiesto_10_rosa-558x510.png 558w, https:\/\/colaboratorioic.org\/wp-content\/uploads\/2022\/05\/ilustraciones_manifiesto_10_rosa-655x599.png 655w\" sizes=\"auto, (max-width: 300px) 100vw, 300px\" \/><\/li>\n<li><strong>Comprometre\u2019s en la renovaci\u00f3, la transformaci\u00f3 i l\u2019enfortiment del sistema p\u00fablic.<\/strong> Avan\u00e7ar cap a institucions m\u00e9s obertes, emp\u00e0tiques, facilitadores i en xarxa. Donar suport a l\u2019experimentaci\u00f3 de formes noves de governan\u00e7a, participaci\u00f3 i col\u00b7laboraci\u00f3 publicosocial. I fer-ho amb la incorporaci\u00f3 del personal p\u00fablic com a agents clau de l\u2019ecosistema d\u2019innovaci\u00f3.<br \/>\n<img loading=\"lazy\" decoding=\"async\" class=\"size-medium wp-image-3034 aligncenter\" src=\"https:\/\/colaboratorioic.org\/wp-content\/uploads\/2022\/05\/ilustraciones_manifiesto_11_rosa-300x274.png\" alt=\"Manifiesto IC \u2014 11\" width=\"300\" height=\"274\" srcset=\"https:\/\/colaboratorioic.org\/wp-content\/uploads\/2022\/05\/ilustraciones_manifiesto_11_rosa-300x274.png 300w, https:\/\/colaboratorioic.org\/wp-content\/uploads\/2022\/05\/ilustraciones_manifiesto_11_rosa-1024x936.png 1024w, https:\/\/colaboratorioic.org\/wp-content\/uploads\/2022\/05\/ilustraciones_manifiesto_11_rosa-768x702.png 768w, https:\/\/colaboratorioic.org\/wp-content\/uploads\/2022\/05\/ilustraciones_manifiesto_11_rosa-1536x1405.png 1536w, https:\/\/colaboratorioic.org\/wp-content\/uploads\/2022\/05\/ilustraciones_manifiesto_11_rosa-2048x1873.png 2048w, https:\/\/colaboratorioic.org\/wp-content\/uploads\/2022\/05\/ilustraciones_manifiesto_11_rosa-1612x1474.png 1612w, https:\/\/colaboratorioic.org\/wp-content\/uploads\/2022\/05\/ilustraciones_manifiesto_11_rosa-1116x1020.png 1116w, https:\/\/colaboratorioic.org\/wp-content\/uploads\/2022\/05\/ilustraciones_manifiesto_11_rosa-806x737.png 806w, https:\/\/colaboratorioic.org\/wp-content\/uploads\/2022\/05\/ilustraciones_manifiesto_11_rosa-558x510.png 558w, https:\/\/colaboratorioic.org\/wp-content\/uploads\/2022\/05\/ilustraciones_manifiesto_11_rosa-655x599.png 655w\" sizes=\"auto, (max-width: 300px) 100vw, 300px\" \/><\/li>\n<li><strong>Definir un sistema d\u2019avaluaci\u00f3 de refer\u00e8ncia des d\u2019uns principis i indicadors coincidents amb la Innovaci\u00f3 Ciutadana.<\/strong> Un sistema que permeta tant mesurar l\u2019impacte i retre comptes com facilitar l\u2019an\u00e0lisi comparativa, aix\u00ed com contribuir a la millora cont\u00ednua del mateix ecosistema, dels seus agents i les innovacions proposades. I que aquest sistema metodol\u00f2gic puga incorporar-se o complemente l\u2019avaluaci\u00f3 en altres \u00e0mbits.<br \/>\n<img loading=\"lazy\" decoding=\"async\" class=\"size-medium wp-image-3039 aligncenter\" src=\"https:\/\/colaboratorioic.org\/wp-content\/uploads\/2022\/05\/ilustraciones_manifiesto_12_rosa-300x274.png\" alt=\"Manifiesto IC \u2014 12\" width=\"300\" height=\"274\" srcset=\"https:\/\/colaboratorioic.org\/wp-content\/uploads\/2022\/05\/ilustraciones_manifiesto_12_rosa-300x274.png 300w, https:\/\/colaboratorioic.org\/wp-content\/uploads\/2022\/05\/ilustraciones_manifiesto_12_rosa-1024x936.png 1024w, https:\/\/colaboratorioic.org\/wp-content\/uploads\/2022\/05\/ilustraciones_manifiesto_12_rosa-768x702.png 768w, https:\/\/colaboratorioic.org\/wp-content\/uploads\/2022\/05\/ilustraciones_manifiesto_12_rosa-1536x1405.png 1536w, https:\/\/colaboratorioic.org\/wp-content\/uploads\/2022\/05\/ilustraciones_manifiesto_12_rosa-2048x1873.png 2048w, https:\/\/colaboratorioic.org\/wp-content\/uploads\/2022\/05\/ilustraciones_manifiesto_12_rosa-1612x1474.png 1612w, https:\/\/colaboratorioic.org\/wp-content\/uploads\/2022\/05\/ilustraciones_manifiesto_12_rosa-1116x1020.png 1116w, https:\/\/colaboratorioic.org\/wp-content\/uploads\/2022\/05\/ilustraciones_manifiesto_12_rosa-806x737.png 806w, https:\/\/colaboratorioic.org\/wp-content\/uploads\/2022\/05\/ilustraciones_manifiesto_12_rosa-558x510.png 558w, https:\/\/colaboratorioic.org\/wp-content\/uploads\/2022\/05\/ilustraciones_manifiesto_12_rosa-655x599.png 655w\" sizes=\"auto, (max-width: 300px) 100vw, 300px\" \/><\/li>\n<\/ol>\n<p>Aquesto MANIFEST! la llancem des del Colaboratorio IC, un espai col\u00b7lectiu de trobada, connexi\u00f3 i acci\u00f3, format per un conjunt plural i divers d\u2019agents compromesos a situar la Innovaci\u00f3 Ciutadana en l\u2019agenda p\u00fablica i institucional, aix\u00ed com a articular el seu ecosistema des de la transversalitat.<\/p>\n<p>Per a aconseguir-ho, busquem la implicaci\u00f3 de m\u00e9s agents relacionats de diferents maneres amb la innovaci\u00f3 ciutadana, aix\u00ed com de les institucions i entitats amb responsabilitats i compet\u00e8ncies directes en innovaci\u00f3.<\/p>\n<p>Et convidem a fer costat a aquest moviment i signar la MANIFEST! Tamb\u00e9 et demanem que la compartisques en els teus cercles i xarxes de confian\u00e7a. A m\u00e9s, si vols fer un pas m\u00e9s, pots sumar-te a les trobades i els grups de treball per a avan\u00e7ar en la consecuci\u00f3 dels diferents objectius.[\/vc_column_text][\/vc_column_inner][\/vc_row_inner][\/vc_tta_section][vc_tta_section title=&#8221;Versi\u00f3 llenguatge clar&#8221; tab_id=&#8221;lenguaje-claro&#8221;][vc_row_inner gap=&#8221;30&#8243; css=&#8221;.vc_custom_1647294927146{border-top-width: 1px !important;padding-top: 0px !important;padding-right: 0px !important;padding-bottom: 0px !important;padding-left: 0px !important;border-top-color: #000000 !important;border-top-style: solid !important;}&#8221;][vc_column_inner width=&#8221;1\/3&#8243;][vc_column_text]<\/p>\n<h4>Manifest<\/h4>\n<h2>La Innovaci\u00f3 Ciutadana (IC) \u00e9s important<br \/>\nper a resoldre els problemes del nostre dia a dia<\/h2>\n<p>[\/vc_column_text][\/vc_column_inner][vc_column_inner width=&#8221;2\/3&#8243;][vc_column_text]<\/p>\n<h5>El m\u00f3n est\u00e0 canviant molt i molt r\u00e0pid.<br \/>\nCada vegada hi ha m\u00e9s problemes i reptes que hem de superar.<br \/>\nI moltes vegades, les solucions de les institucions o el mercat<br \/>\nno s\u00f3n suficients ni aconsegueixen resoldre les coses.<\/h5>\n<h5>Per a adaptar-nos a aquests canvis,<br \/>\n\u00e9s necessari buscar solucions noves i creatives als reptes que tenim.<br \/>\nNoves idees i projectes que milloren les nostres vides,<br \/>\npensades per les pr\u00f2pies protagonistes, per la gent com tu.<br \/>\nAix\u00f2 es diu Innovaci\u00f3 Ciutadana (IC).<\/h5>\n<p>Tu eres qui millor coneix els teus problemes,<br \/>\nper\u00f2 tu sola no pots solucionar-los.<br \/>\nPer aix\u00f2, hem de col\u00b7laborar amb altres persones.<br \/>\nTotes hem d&#8217;organitzar-nos i pensar juntes.<br \/>\nAix\u00ed podrem tamb\u00e9 cuidar millor de la naturalesa, la salut,<br \/>\nl&#8217;educaci\u00f3, la cultura o l&#8217;economia.<\/p>\n<p>Ja sabem que quan la gent s&#8217;organitza<br \/>\naconsegueix millors solucions:<br \/>\nrecordes la gent que cosia mascaretes a casa<br \/>\nal principi de la pand\u00e8mia?<br \/>\no la gent jove que feia la compra<br \/>\nperqu\u00e8 les seues ve\u00efnes majors no hagueren d&#8217;eixir?<br \/>\nPerqu\u00e8 aix\u00f2 \u00e9s IC.<br \/>\nPer\u00f2 la IC no ha d&#8217;apar\u00e9ixer nom\u00e9s quan hi ha una emerg\u00e8ncia.<br \/>\nHem de treballar perqu\u00e8 siga present<br \/>\nen la nostra vida di\u00e0ria i en tota la societat.<\/p>\n<p>Per a aconseguir-ho fa falta que la gent conega la IC,<br \/>\nque les administracions la secunden,<br \/>\nque siga capa\u00e7 de donar respostes reals a les necessitats que tenim.<br \/>\nPer aix\u00f2, des de Colaboratorio IC fem aquest manifest.<br \/>\nVolem que la IC cresca i es popularitze<br \/>\ni per a aix\u00f2 proposem aquestes mesures:<\/p>\n<ol>\n<li>Que cada vegada m\u00e9s gent conega i done suport a la IC<br \/>\ni trobe maneres de col\u00b7laborar en ella.<br \/>\n<img loading=\"lazy\" decoding=\"async\" class=\"alignnone size-medium wp-image-2984\" src=\"https:\/\/colaboratorioic.org\/wp-content\/uploads\/2022\/05\/ilustraciones_manifiesto_01_rosa-1-300x274.png\" alt=\"Manifiesto IC \u2014 1\" width=\"300\" height=\"274\" srcset=\"https:\/\/colaboratorioic.org\/wp-content\/uploads\/2022\/05\/ilustraciones_manifiesto_01_rosa-1-300x274.png 300w, https:\/\/colaboratorioic.org\/wp-content\/uploads\/2022\/05\/ilustraciones_manifiesto_01_rosa-1-1024x936.png 1024w, https:\/\/colaboratorioic.org\/wp-content\/uploads\/2022\/05\/ilustraciones_manifiesto_01_rosa-1-768x702.png 768w, https:\/\/colaboratorioic.org\/wp-content\/uploads\/2022\/05\/ilustraciones_manifiesto_01_rosa-1-1536x1405.png 1536w, https:\/\/colaboratorioic.org\/wp-content\/uploads\/2022\/05\/ilustraciones_manifiesto_01_rosa-1-2048x1873.png 2048w, https:\/\/colaboratorioic.org\/wp-content\/uploads\/2022\/05\/ilustraciones_manifiesto_01_rosa-1-1612x1474.png 1612w, https:\/\/colaboratorioic.org\/wp-content\/uploads\/2022\/05\/ilustraciones_manifiesto_01_rosa-1-1116x1020.png 1116w, https:\/\/colaboratorioic.org\/wp-content\/uploads\/2022\/05\/ilustraciones_manifiesto_01_rosa-1-806x737.png 806w, https:\/\/colaboratorioic.org\/wp-content\/uploads\/2022\/05\/ilustraciones_manifiesto_01_rosa-1-558x510.png 558w, https:\/\/colaboratorioic.org\/wp-content\/uploads\/2022\/05\/ilustraciones_manifiesto_01_rosa-1-655x599.png 655w\" sizes=\"auto, (max-width: 300px) 100vw, 300px\" \/><\/li>\n<li>Que totes les que treballen per la IC puguen comunicar-se:<br \/>\npersones, administracions, empreses o centres d&#8217;educaci\u00f3 i recerca.<br \/>\n<img loading=\"lazy\" decoding=\"async\" class=\"alignnone size-medium wp-image-2989\" src=\"https:\/\/colaboratorioic.org\/wp-content\/uploads\/2022\/05\/ilustraciones_manifiesto_02_rosa-300x274.png\" alt=\"Manifiesto IC \u2014 2\" width=\"300\" height=\"274\" srcset=\"https:\/\/colaboratorioic.org\/wp-content\/uploads\/2022\/05\/ilustraciones_manifiesto_02_rosa-300x274.png 300w, https:\/\/colaboratorioic.org\/wp-content\/uploads\/2022\/05\/ilustraciones_manifiesto_02_rosa-1024x936.png 1024w, https:\/\/colaboratorioic.org\/wp-content\/uploads\/2022\/05\/ilustraciones_manifiesto_02_rosa-768x702.png 768w, https:\/\/colaboratorioic.org\/wp-content\/uploads\/2022\/05\/ilustraciones_manifiesto_02_rosa-1536x1405.png 1536w, https:\/\/colaboratorioic.org\/wp-content\/uploads\/2022\/05\/ilustraciones_manifiesto_02_rosa-2048x1873.png 2048w, https:\/\/colaboratorioic.org\/wp-content\/uploads\/2022\/05\/ilustraciones_manifiesto_02_rosa-1612x1474.png 1612w, https:\/\/colaboratorioic.org\/wp-content\/uploads\/2022\/05\/ilustraciones_manifiesto_02_rosa-1116x1020.png 1116w, https:\/\/colaboratorioic.org\/wp-content\/uploads\/2022\/05\/ilustraciones_manifiesto_02_rosa-806x737.png 806w, https:\/\/colaboratorioic.org\/wp-content\/uploads\/2022\/05\/ilustraciones_manifiesto_02_rosa-558x510.png 558w, https:\/\/colaboratorioic.org\/wp-content\/uploads\/2022\/05\/ilustraciones_manifiesto_02_rosa-655x599.png 655w\" sizes=\"auto, (max-width: 300px) 100vw, 300px\" \/><\/li>\n<li>Que la televisi\u00f3, les r\u00e0dios, la premsa i les xarxes socials parlen de la IC, perqu\u00e8 arribe a tothom.<br \/>\n<img loading=\"lazy\" decoding=\"async\" class=\"alignnone size-medium wp-image-2994\" src=\"https:\/\/colaboratorioic.org\/wp-content\/uploads\/2022\/05\/ilustraciones_manifiesto_03_rosa-300x274.png\" alt=\"Manifiesto IC \u2014 3\" width=\"300\" height=\"274\" srcset=\"https:\/\/colaboratorioic.org\/wp-content\/uploads\/2022\/05\/ilustraciones_manifiesto_03_rosa-300x274.png 300w, https:\/\/colaboratorioic.org\/wp-content\/uploads\/2022\/05\/ilustraciones_manifiesto_03_rosa-1024x936.png 1024w, https:\/\/colaboratorioic.org\/wp-content\/uploads\/2022\/05\/ilustraciones_manifiesto_03_rosa-768x702.png 768w, https:\/\/colaboratorioic.org\/wp-content\/uploads\/2022\/05\/ilustraciones_manifiesto_03_rosa-1536x1405.png 1536w, https:\/\/colaboratorioic.org\/wp-content\/uploads\/2022\/05\/ilustraciones_manifiesto_03_rosa-2048x1873.png 2048w, https:\/\/colaboratorioic.org\/wp-content\/uploads\/2022\/05\/ilustraciones_manifiesto_03_rosa-1612x1474.png 1612w, https:\/\/colaboratorioic.org\/wp-content\/uploads\/2022\/05\/ilustraciones_manifiesto_03_rosa-1116x1020.png 1116w, https:\/\/colaboratorioic.org\/wp-content\/uploads\/2022\/05\/ilustraciones_manifiesto_03_rosa-806x737.png 806w, https:\/\/colaboratorioic.org\/wp-content\/uploads\/2022\/05\/ilustraciones_manifiesto_03_rosa-558x510.png 558w, https:\/\/colaboratorioic.org\/wp-content\/uploads\/2022\/05\/ilustraciones_manifiesto_03_rosa-655x599.png 655w\" sizes=\"auto, (max-width: 300px) 100vw, 300px\" \/><\/li>\n<li>Que des de les institucions s&#8217;ajude a la IC perqu\u00e8 puga cr\u00e9ixer.<br \/>\n<img loading=\"lazy\" decoding=\"async\" class=\"alignnone size-medium wp-image-2999\" src=\"https:\/\/colaboratorioic.org\/wp-content\/uploads\/2022\/05\/ilustraciones_manifiesto_04_rosa-300x274.png\" alt=\"Manifiesto IC \u2014 4\" width=\"300\" height=\"274\" srcset=\"https:\/\/colaboratorioic.org\/wp-content\/uploads\/2022\/05\/ilustraciones_manifiesto_04_rosa-300x274.png 300w, https:\/\/colaboratorioic.org\/wp-content\/uploads\/2022\/05\/ilustraciones_manifiesto_04_rosa-1024x936.png 1024w, https:\/\/colaboratorioic.org\/wp-content\/uploads\/2022\/05\/ilustraciones_manifiesto_04_rosa-768x702.png 768w, https:\/\/colaboratorioic.org\/wp-content\/uploads\/2022\/05\/ilustraciones_manifiesto_04_rosa-1536x1405.png 1536w, https:\/\/colaboratorioic.org\/wp-content\/uploads\/2022\/05\/ilustraciones_manifiesto_04_rosa-2048x1873.png 2048w, https:\/\/colaboratorioic.org\/wp-content\/uploads\/2022\/05\/ilustraciones_manifiesto_04_rosa-1612x1474.png 1612w, https:\/\/colaboratorioic.org\/wp-content\/uploads\/2022\/05\/ilustraciones_manifiesto_04_rosa-1116x1020.png 1116w, https:\/\/colaboratorioic.org\/wp-content\/uploads\/2022\/05\/ilustraciones_manifiesto_04_rosa-806x737.png 806w, https:\/\/colaboratorioic.org\/wp-content\/uploads\/2022\/05\/ilustraciones_manifiesto_04_rosa-558x510.png 558w, https:\/\/colaboratorioic.org\/wp-content\/uploads\/2022\/05\/ilustraciones_manifiesto_04_rosa-655x599.png 655w\" sizes=\"auto, (max-width: 300px) 100vw, 300px\" \/><\/li>\n<li>Crear espais perqu\u00e8 la gent compartisca idees i projectes,<br \/>\nperqu\u00e8 puguen aprendre m\u00e9s sobre IC i treballar juntes en noves propostes.<br \/>\n<img loading=\"lazy\" decoding=\"async\" class=\"alignnone size-medium wp-image-3004\" src=\"https:\/\/colaboratorioic.org\/wp-content\/uploads\/2022\/05\/ilustraciones_manifiesto_05_rosa-300x274.png\" alt=\"Manifiesto IC \u2014 5\" width=\"300\" height=\"274\" srcset=\"https:\/\/colaboratorioic.org\/wp-content\/uploads\/2022\/05\/ilustraciones_manifiesto_05_rosa-300x274.png 300w, https:\/\/colaboratorioic.org\/wp-content\/uploads\/2022\/05\/ilustraciones_manifiesto_05_rosa-1024x936.png 1024w, https:\/\/colaboratorioic.org\/wp-content\/uploads\/2022\/05\/ilustraciones_manifiesto_05_rosa-768x702.png 768w, https:\/\/colaboratorioic.org\/wp-content\/uploads\/2022\/05\/ilustraciones_manifiesto_05_rosa-1536x1405.png 1536w, https:\/\/colaboratorioic.org\/wp-content\/uploads\/2022\/05\/ilustraciones_manifiesto_05_rosa-2048x1873.png 2048w, https:\/\/colaboratorioic.org\/wp-content\/uploads\/2022\/05\/ilustraciones_manifiesto_05_rosa-1612x1474.png 1612w, https:\/\/colaboratorioic.org\/wp-content\/uploads\/2022\/05\/ilustraciones_manifiesto_05_rosa-1116x1020.png 1116w, https:\/\/colaboratorioic.org\/wp-content\/uploads\/2022\/05\/ilustraciones_manifiesto_05_rosa-806x737.png 806w, https:\/\/colaboratorioic.org\/wp-content\/uploads\/2022\/05\/ilustraciones_manifiesto_05_rosa-558x510.png 558w, https:\/\/colaboratorioic.org\/wp-content\/uploads\/2022\/05\/ilustraciones_manifiesto_05_rosa-655x599.png 655w\" sizes=\"auto, (max-width: 300px) 100vw, 300px\" \/><\/li>\n<li>Que tots aquests espais estiguen en contacte<br \/>\ni funcionen com una xarxa que treballa en diferents llocs.<br \/>\n<img loading=\"lazy\" decoding=\"async\" class=\"alignnone size-medium wp-image-3009\" src=\"https:\/\/colaboratorioic.org\/wp-content\/uploads\/2022\/05\/ilustraciones_manifiesto_06_rosa-300x274.png\" alt=\"Manifiesto IC \u2014 6\" width=\"300\" height=\"274\" srcset=\"https:\/\/colaboratorioic.org\/wp-content\/uploads\/2022\/05\/ilustraciones_manifiesto_06_rosa-300x274.png 300w, https:\/\/colaboratorioic.org\/wp-content\/uploads\/2022\/05\/ilustraciones_manifiesto_06_rosa-1024x936.png 1024w, https:\/\/colaboratorioic.org\/wp-content\/uploads\/2022\/05\/ilustraciones_manifiesto_06_rosa-768x702.png 768w, https:\/\/colaboratorioic.org\/wp-content\/uploads\/2022\/05\/ilustraciones_manifiesto_06_rosa-1536x1405.png 1536w, https:\/\/colaboratorioic.org\/wp-content\/uploads\/2022\/05\/ilustraciones_manifiesto_06_rosa-2048x1873.png 2048w, https:\/\/colaboratorioic.org\/wp-content\/uploads\/2022\/05\/ilustraciones_manifiesto_06_rosa-1612x1474.png 1612w, https:\/\/colaboratorioic.org\/wp-content\/uploads\/2022\/05\/ilustraciones_manifiesto_06_rosa-1116x1020.png 1116w, https:\/\/colaboratorioic.org\/wp-content\/uploads\/2022\/05\/ilustraciones_manifiesto_06_rosa-806x737.png 806w, https:\/\/colaboratorioic.org\/wp-content\/uploads\/2022\/05\/ilustraciones_manifiesto_06_rosa-558x510.png 558w, https:\/\/colaboratorioic.org\/wp-content\/uploads\/2022\/05\/ilustraciones_manifiesto_06_rosa-655x599.png 655w\" sizes=\"auto, (max-width: 300px) 100vw, 300px\" \/><\/li>\n<li>Que tots els que treballen en IC compartisquen el que tenen i el que saben, de manera lliure i gratu\u00efta.<br \/>\n<img loading=\"lazy\" decoding=\"async\" class=\"alignnone size-medium wp-image-3014\" src=\"https:\/\/colaboratorioic.org\/wp-content\/uploads\/2022\/05\/ilustraciones_manifiesto_07_rosa-300x274.png\" alt=\"Manifiesto IC \u2014 7\" width=\"300\" height=\"274\" srcset=\"https:\/\/colaboratorioic.org\/wp-content\/uploads\/2022\/05\/ilustraciones_manifiesto_07_rosa-300x274.png 300w, https:\/\/colaboratorioic.org\/wp-content\/uploads\/2022\/05\/ilustraciones_manifiesto_07_rosa-1024x936.png 1024w, https:\/\/colaboratorioic.org\/wp-content\/uploads\/2022\/05\/ilustraciones_manifiesto_07_rosa-768x702.png 768w, https:\/\/colaboratorioic.org\/wp-content\/uploads\/2022\/05\/ilustraciones_manifiesto_07_rosa-1536x1405.png 1536w, https:\/\/colaboratorioic.org\/wp-content\/uploads\/2022\/05\/ilustraciones_manifiesto_07_rosa-2048x1873.png 2048w, https:\/\/colaboratorioic.org\/wp-content\/uploads\/2022\/05\/ilustraciones_manifiesto_07_rosa-1612x1474.png 1612w, https:\/\/colaboratorioic.org\/wp-content\/uploads\/2022\/05\/ilustraciones_manifiesto_07_rosa-1116x1020.png 1116w, https:\/\/colaboratorioic.org\/wp-content\/uploads\/2022\/05\/ilustraciones_manifiesto_07_rosa-806x737.png 806w, https:\/\/colaboratorioic.org\/wp-content\/uploads\/2022\/05\/ilustraciones_manifiesto_07_rosa-558x510.png 558w, https:\/\/colaboratorioic.org\/wp-content\/uploads\/2022\/05\/ilustraciones_manifiesto_07_rosa-655x599.png 655w\" sizes=\"auto, (max-width: 300px) 100vw, 300px\" \/><\/li>\n<li>Desenvolupar projectes que donen resposta a grans problemes.<br \/>\ncom el canvi clim\u00e0tic, la pobresa o altres Objectius de Desenvolupament Sostenible.<br \/>\n<img loading=\"lazy\" decoding=\"async\" class=\"alignnone size-medium wp-image-3019\" src=\"https:\/\/colaboratorioic.org\/wp-content\/uploads\/2022\/05\/ilustraciones_manifiesto_08_rosa-300x274.png\" alt=\"Manifiesto IC \u2014 8\" width=\"300\" height=\"274\" srcset=\"https:\/\/colaboratorioic.org\/wp-content\/uploads\/2022\/05\/ilustraciones_manifiesto_08_rosa-300x274.png 300w, https:\/\/colaboratorioic.org\/wp-content\/uploads\/2022\/05\/ilustraciones_manifiesto_08_rosa-1024x936.png 1024w, https:\/\/colaboratorioic.org\/wp-content\/uploads\/2022\/05\/ilustraciones_manifiesto_08_rosa-768x702.png 768w, https:\/\/colaboratorioic.org\/wp-content\/uploads\/2022\/05\/ilustraciones_manifiesto_08_rosa-1536x1405.png 1536w, https:\/\/colaboratorioic.org\/wp-content\/uploads\/2022\/05\/ilustraciones_manifiesto_08_rosa-2048x1873.png 2048w, https:\/\/colaboratorioic.org\/wp-content\/uploads\/2022\/05\/ilustraciones_manifiesto_08_rosa-1612x1474.png 1612w, https:\/\/colaboratorioic.org\/wp-content\/uploads\/2022\/05\/ilustraciones_manifiesto_08_rosa-1116x1020.png 1116w, https:\/\/colaboratorioic.org\/wp-content\/uploads\/2022\/05\/ilustraciones_manifiesto_08_rosa-806x737.png 806w, https:\/\/colaboratorioic.org\/wp-content\/uploads\/2022\/05\/ilustraciones_manifiesto_08_rosa-558x510.png 558w, https:\/\/colaboratorioic.org\/wp-content\/uploads\/2022\/05\/ilustraciones_manifiesto_08_rosa-655x599.png 655w\" sizes=\"auto, (max-width: 300px) 100vw, 300px\" \/><\/li>\n<li>Que en els col\u00b7legis, instituts i universitats<br \/>\ns&#8217;explique i s&#8217;ensenye qu\u00e8 \u00e9s la IC i com funciona.<br \/>\n<img loading=\"lazy\" decoding=\"async\" class=\"alignnone size-medium wp-image-3024\" src=\"https:\/\/colaboratorioic.org\/wp-content\/uploads\/2022\/05\/ilustraciones_manifiesto_09_rosa-300x274.png\" alt=\"Manifiesto IC \u2014 9\" width=\"300\" height=\"274\" srcset=\"https:\/\/colaboratorioic.org\/wp-content\/uploads\/2022\/05\/ilustraciones_manifiesto_09_rosa-300x274.png 300w, https:\/\/colaboratorioic.org\/wp-content\/uploads\/2022\/05\/ilustraciones_manifiesto_09_rosa-1024x936.png 1024w, https:\/\/colaboratorioic.org\/wp-content\/uploads\/2022\/05\/ilustraciones_manifiesto_09_rosa-768x702.png 768w, https:\/\/colaboratorioic.org\/wp-content\/uploads\/2022\/05\/ilustraciones_manifiesto_09_rosa-1536x1405.png 1536w, https:\/\/colaboratorioic.org\/wp-content\/uploads\/2022\/05\/ilustraciones_manifiesto_09_rosa-2048x1873.png 2048w, https:\/\/colaboratorioic.org\/wp-content\/uploads\/2022\/05\/ilustraciones_manifiesto_09_rosa-1612x1474.png 1612w, https:\/\/colaboratorioic.org\/wp-content\/uploads\/2022\/05\/ilustraciones_manifiesto_09_rosa-1116x1020.png 1116w, https:\/\/colaboratorioic.org\/wp-content\/uploads\/2022\/05\/ilustraciones_manifiesto_09_rosa-806x737.png 806w, https:\/\/colaboratorioic.org\/wp-content\/uploads\/2022\/05\/ilustraciones_manifiesto_09_rosa-558x510.png 558w, https:\/\/colaboratorioic.org\/wp-content\/uploads\/2022\/05\/ilustraciones_manifiesto_09_rosa-655x599.png 655w\" sizes=\"auto, (max-width: 300px) 100vw, 300px\" \/><\/li>\n<li>Crear programes de formaci\u00f3 en IC,<br \/>\nperqu\u00e8 hi haja bons professionals en aquest \u00e0mbit.<br \/>\n<img loading=\"lazy\" decoding=\"async\" class=\"alignnone size-medium wp-image-3029\" src=\"https:\/\/colaboratorioic.org\/wp-content\/uploads\/2022\/05\/ilustraciones_manifiesto_10_rosa-300x274.png\" alt=\"Manifiesto IC \u2014 10\" width=\"300\" height=\"274\" srcset=\"https:\/\/colaboratorioic.org\/wp-content\/uploads\/2022\/05\/ilustraciones_manifiesto_10_rosa-300x274.png 300w, https:\/\/colaboratorioic.org\/wp-content\/uploads\/2022\/05\/ilustraciones_manifiesto_10_rosa-1024x936.png 1024w, https:\/\/colaboratorioic.org\/wp-content\/uploads\/2022\/05\/ilustraciones_manifiesto_10_rosa-768x702.png 768w, https:\/\/colaboratorioic.org\/wp-content\/uploads\/2022\/05\/ilustraciones_manifiesto_10_rosa-1536x1405.png 1536w, https:\/\/colaboratorioic.org\/wp-content\/uploads\/2022\/05\/ilustraciones_manifiesto_10_rosa-2048x1873.png 2048w, https:\/\/colaboratorioic.org\/wp-content\/uploads\/2022\/05\/ilustraciones_manifiesto_10_rosa-1612x1474.png 1612w, https:\/\/colaboratorioic.org\/wp-content\/uploads\/2022\/05\/ilustraciones_manifiesto_10_rosa-1116x1020.png 1116w, https:\/\/colaboratorioic.org\/wp-content\/uploads\/2022\/05\/ilustraciones_manifiesto_10_rosa-806x737.png 806w, https:\/\/colaboratorioic.org\/wp-content\/uploads\/2022\/05\/ilustraciones_manifiesto_10_rosa-558x510.png 558w, https:\/\/colaboratorioic.org\/wp-content\/uploads\/2022\/05\/ilustraciones_manifiesto_10_rosa-655x599.png 655w\" sizes=\"auto, (max-width: 300px) 100vw, 300px\" \/><\/li>\n<li>Que des de la IC es col\u00b7laborar\u00e0 amb les institucions<br \/>\nperqu\u00e8 juntes constru\u00efm uns serveis p\u00fablics millors.<br \/>\n<img loading=\"lazy\" decoding=\"async\" class=\"alignnone size-medium wp-image-3034\" src=\"https:\/\/colaboratorioic.org\/wp-content\/uploads\/2022\/05\/ilustraciones_manifiesto_11_rosa-300x274.png\" alt=\"Manifiesto IC \u2014 11\" width=\"300\" height=\"274\" srcset=\"https:\/\/colaboratorioic.org\/wp-content\/uploads\/2022\/05\/ilustraciones_manifiesto_11_rosa-300x274.png 300w, https:\/\/colaboratorioic.org\/wp-content\/uploads\/2022\/05\/ilustraciones_manifiesto_11_rosa-1024x936.png 1024w, https:\/\/colaboratorioic.org\/wp-content\/uploads\/2022\/05\/ilustraciones_manifiesto_11_rosa-768x702.png 768w, https:\/\/colaboratorioic.org\/wp-content\/uploads\/2022\/05\/ilustraciones_manifiesto_11_rosa-1536x1405.png 1536w, https:\/\/colaboratorioic.org\/wp-content\/uploads\/2022\/05\/ilustraciones_manifiesto_11_rosa-2048x1873.png 2048w, https:\/\/colaboratorioic.org\/wp-content\/uploads\/2022\/05\/ilustraciones_manifiesto_11_rosa-1612x1474.png 1612w, https:\/\/colaboratorioic.org\/wp-content\/uploads\/2022\/05\/ilustraciones_manifiesto_11_rosa-1116x1020.png 1116w, https:\/\/colaboratorioic.org\/wp-content\/uploads\/2022\/05\/ilustraciones_manifiesto_11_rosa-806x737.png 806w, https:\/\/colaboratorioic.org\/wp-content\/uploads\/2022\/05\/ilustraciones_manifiesto_11_rosa-558x510.png 558w, https:\/\/colaboratorioic.org\/wp-content\/uploads\/2022\/05\/ilustraciones_manifiesto_11_rosa-655x599.png 655w\" sizes=\"auto, (max-width: 300px) 100vw, 300px\" \/><\/li>\n<li>Pensar una manera de valorar els projectes de IC,<br \/>\nd&#8217;una forma clara i transparent,<br \/>\nper a mesurar quant milloren la vida de la gent.<br \/>\n<img loading=\"lazy\" decoding=\"async\" class=\"alignnone size-medium wp-image-3039\" src=\"https:\/\/colaboratorioic.org\/wp-content\/uploads\/2022\/05\/ilustraciones_manifiesto_12_rosa-300x274.png\" alt=\"Manifiesto IC \u2014 12\" width=\"300\" height=\"274\" srcset=\"https:\/\/colaboratorioic.org\/wp-content\/uploads\/2022\/05\/ilustraciones_manifiesto_12_rosa-300x274.png 300w, https:\/\/colaboratorioic.org\/wp-content\/uploads\/2022\/05\/ilustraciones_manifiesto_12_rosa-1024x936.png 1024w, https:\/\/colaboratorioic.org\/wp-content\/uploads\/2022\/05\/ilustraciones_manifiesto_12_rosa-768x702.png 768w, https:\/\/colaboratorioic.org\/wp-content\/uploads\/2022\/05\/ilustraciones_manifiesto_12_rosa-1536x1405.png 1536w, https:\/\/colaboratorioic.org\/wp-content\/uploads\/2022\/05\/ilustraciones_manifiesto_12_rosa-2048x1873.png 2048w, https:\/\/colaboratorioic.org\/wp-content\/uploads\/2022\/05\/ilustraciones_manifiesto_12_rosa-1612x1474.png 1612w, https:\/\/colaboratorioic.org\/wp-content\/uploads\/2022\/05\/ilustraciones_manifiesto_12_rosa-1116x1020.png 1116w, https:\/\/colaboratorioic.org\/wp-content\/uploads\/2022\/05\/ilustraciones_manifiesto_12_rosa-806x737.png 806w, https:\/\/colaboratorioic.org\/wp-content\/uploads\/2022\/05\/ilustraciones_manifiesto_12_rosa-558x510.png 558w, https:\/\/colaboratorioic.org\/wp-content\/uploads\/2022\/05\/ilustraciones_manifiesto_12_rosa-655x599.png 655w\" sizes=\"auto, (max-width: 300px) 100vw, 300px\" \/><\/li>\n<\/ol>\n<p>Des de Colaboratorio IC creiem que tot aix\u00f2 \u00e9s important<br \/>\nper a construir juntes una societat millor.<br \/>\nPer aix\u00f2 et demanem que ferms aquest manifest<br \/>\ni que ens ajudes a fer-ho arribar a altres persones com tu.<br \/>\nI a m\u00e9s, si vols fer un pas m\u00e9s,<br \/>\npots subscriure&#8217;t al nostre butllet\u00ed i sumar-te a la comunitat del Colaboratorio IC.<\/p>\n<p><strong>Ens ajudes amb la teua signatura?<\/strong><br \/>\n<strong>JUNTES SOM M\u00c9S FORTES!<\/strong><\/p>\n<p><em>Aquesta versi\u00f3 del manifest en Llenguatge Clar s&#8217;ha realitzat gr\u00e0cies a la col\u00b7laboraci\u00f3 de Lectura F\u00e0cil Euskadi i ComunicaTech.<\/em>[\/vc_column_text][\/vc_column_inner][\/vc_row_inner][\/vc_tta_section][\/vc_tta_tabs][\/vc_column][\/vc_row][vc_row css=&#8221;.vc_custom_1650867943761{padding-bottom: 40px !important;}&#8221;][vc_column width=&#8221;1\/3&#8243;][\/vc_column][vc_column width=&#8221;2\/3&#8243;][vc_tta_accordion section_title_tag=&#8221;h3&#8243; style=&#8221;flat&#8221; shape=&#8221;square&#8221; color=&#8221;white&#8221; c_icon=&#8221;chevron&#8221; active_section=&#8221;10&#8243; collapsible_all=&#8221;true&#8221;][vc_tta_section title=&#8221;Ja han signat&#8221; tab_id=&#8221;adhesions&#8221;][vc_column_text]<div class=\"wpforms-view wpforms-view-type-table view-theme-pure-table-hover wpforms-view-3152\"><div class=\"pure-g wpforms-view-row\"><div class=\" wpforms-view-col pure-u-1 pure-u-md-1\"><\/div><\/div> <div class=\"wpf-views-cont wpf-views-3152-cont\"><table class=\"wpforms-views-table wpforms-view-3152-table pure-table pure-table-horizontal pure-table-hover\"><thead><tr><th>Nombre y apellidos<\/th><th>Entidad<\/th><\/tr><\/thead><tbody><tr><td  class=\"col-field-value\"><div class=\"wpforms-view-field-cont  field-2 \"><div class=\"wpforms-view-field-value wpforms-view-field-type-name-value\">Adolfo Chaut\u00f3n P\u00e9rez<\/div><\/div><\/td><td  class=\"col-field-value\"><div class=\"wpforms-view-field-cont  field-3 \"><div class=\"wpforms-view-field-value wpforms-view-field-type-text-value\">CooperativaActyva_ICosistemas<\/div><\/div><\/td><\/tr><tr><td  class=\"col-field-value\"><div class=\"wpforms-view-field-cont  field-2 \"><div class=\"wpforms-view-field-value wpforms-view-field-type-name-value\">Adri\u00e0 Prats Romeu<\/div><\/div><\/td><td  class=\"col-field-value\"><div class=\"wpforms-view-field-cont  field-3 \"><div class=\"wpforms-view-field-value wpforms-view-field-type-text-value\"><\/div><\/div><\/td><\/tr><tr><td  class=\"col-field-value\"><div class=\"wpforms-view-field-cont  field-2 \"><div class=\"wpforms-view-field-value wpforms-view-field-type-name-value\">Adrian Smith<\/div><\/div><\/td><td  class=\"col-field-value\"><div class=\"wpforms-view-field-cont  field-3 \"><div class=\"wpforms-view-field-value wpforms-view-field-type-text-value\">Science Policy Research Unit, University of Sussex<\/div><\/div><\/td><\/tr><tr><td  class=\"col-field-value\"><div class=\"wpforms-view-field-cont  field-2 \"><div class=\"wpforms-view-field-value wpforms-view-field-type-name-value\">Ainoa Boyd Arregui<\/div><\/div><\/td><td  class=\"col-field-value\"><div class=\"wpforms-view-field-cont  field-3 \"><div class=\"wpforms-view-field-value wpforms-view-field-type-text-value\"><\/div><\/div><\/td><\/tr><tr><td  class=\"col-field-value\"><div class=\"wpforms-view-field-cont  field-2 \"><div class=\"wpforms-view-field-value wpforms-view-field-type-name-value\">Alberto Flores<\/div><\/div><\/td><td  class=\"col-field-value\"><div class=\"wpforms-view-field-cont  field-3 \"><div class=\"wpforms-view-field-value wpforms-view-field-type-text-value\">Makea tu vida<\/div><\/div><\/td><\/tr><tr><td  class=\"col-field-value\"><div class=\"wpforms-view-field-cont  field-2 \"><div class=\"wpforms-view-field-value wpforms-view-field-type-name-value\">Alexandra Lib\u00e2nio<\/div><\/div><\/td><td  class=\"col-field-value\"><div class=\"wpforms-view-field-cont  field-3 \"><div class=\"wpforms-view-field-value wpforms-view-field-type-text-value\">Esta\u00e7\u00e3o Cooperativa<\/div><\/div><\/td><\/tr><tr><td  class=\"col-field-value\"><div class=\"wpforms-view-field-cont  field-2 \"><div class=\"wpforms-view-field-value wpforms-view-field-type-name-value\">Ana Vi\u00f1als Blanco<\/div><\/div><\/td><td  class=\"col-field-value\"><div class=\"wpforms-view-field-cont  field-3 \"><div class=\"wpforms-view-field-value wpforms-view-field-type-text-value\">Podemos Bilbao<\/div><\/div><\/td><\/tr><tr><td  class=\"col-field-value\"><div class=\"wpforms-view-field-cont  field-2 \"><div class=\"wpforms-view-field-value wpforms-view-field-type-name-value\">Angel Navarro<\/div><\/div><\/td><td  class=\"col-field-value\"><div class=\"wpforms-view-field-cont  field-3 \"><div class=\"wpforms-view-field-value wpforms-view-field-type-text-value\">Las Naves<\/div><\/div><\/td><\/tr><tr><td  class=\"col-field-value\"><div class=\"wpforms-view-field-cont  field-2 \"><div class=\"wpforms-view-field-value wpforms-view-field-type-name-value\">Arantza Mariskal Balerdi<\/div><\/div><\/td><td  class=\"col-field-value\"><div class=\"wpforms-view-field-cont  field-3 \"><div class=\"wpforms-view-field-value wpforms-view-field-type-text-value\">Medialab Tabakalera<\/div><\/div><\/td><\/tr><tr><td  class=\"col-field-value\"><div class=\"wpforms-view-field-cont  field-2 \"><div class=\"wpforms-view-field-value wpforms-view-field-type-name-value\">Artur Serra<\/div><\/div><\/td><td  class=\"col-field-value\"><div class=\"wpforms-view-field-cont  field-3 \"><div class=\"wpforms-view-field-value wpforms-view-field-type-text-value\">i2cat<\/div><\/div><\/td><\/tr><tr><td  class=\"col-field-value\"><div class=\"wpforms-view-field-cont  field-2 \"><div class=\"wpforms-view-field-value wpforms-view-field-type-name-value\">Asier Amezaga<\/div><\/div><\/td><td  class=\"col-field-value\"><div class=\"wpforms-view-field-cont  field-3 \"><div class=\"wpforms-view-field-value wpforms-view-field-type-text-value\">Komuniatik<\/div><\/div><\/td><\/tr><tr><td  class=\"col-field-value\"><div class=\"wpforms-view-field-cont  field-2 \"><div class=\"wpforms-view-field-value wpforms-view-field-type-name-value\">Asier Gallastegi Fullaondo<\/div><\/div><\/td><td  class=\"col-field-value\"><div class=\"wpforms-view-field-cont  field-3 \"><div class=\"wpforms-view-field-value wpforms-view-field-type-text-value\"><\/div><\/div><\/td><\/tr><tr><td  class=\"col-field-value\"><div class=\"wpforms-view-field-cont  field-2 \"><div class=\"wpforms-view-field-value wpforms-view-field-type-name-value\">Beatriz Fad\u00f3n Junyent<\/div><\/div><\/td><td  class=\"col-field-value\"><div class=\"wpforms-view-field-cont  field-3 \"><div class=\"wpforms-view-field-value wpforms-view-field-type-text-value\">Ecocomedores Extremadura. Alianza para una alimentaci\u00f3n escolar saludable y sostenible<\/div><\/div><\/td><\/tr><tr><td  class=\"col-field-value\"><div class=\"wpforms-view-field-cont  field-2 \"><div class=\"wpforms-view-field-value wpforms-view-field-type-name-value\">Bernardino David Rodr\u00edguez Espino<\/div><\/div><\/td><td  class=\"col-field-value\"><div class=\"wpforms-view-field-cont  field-3 \"><div class=\"wpforms-view-field-value wpforms-view-field-type-text-value\">Gabinete de Asistencia T\u00e9cnica en materia de Participaci\u00f3n Ciudadana a gobiernos municipales de Gran Canaria (GAT), un proyecto de colaboraci\u00f3n entre el Colegio Oficial del Trabajo Social de Las Palmas y la Direcci\u00f3n General de Participaci\u00f3n Ciudadana del Cabildo de Gran Canaria<\/div><\/div><\/td><\/tr><tr><td  class=\"col-field-value\"><div class=\"wpforms-view-field-cont  field-2 \"><div class=\"wpforms-view-field-value wpforms-view-field-type-name-value\">BoraBeir\u00e3<\/div><\/div><\/td><td  class=\"col-field-value\"><div class=\"wpforms-view-field-cont  field-3 \"><div class=\"wpforms-view-field-value wpforms-view-field-type-text-value\">PlanetaAlecrim Associa\u00e7\u00e3o<\/div><\/div><\/td><\/tr><tr><td  class=\"col-field-value\"><div class=\"wpforms-view-field-cont  field-2 \"><div class=\"wpforms-view-field-value wpforms-view-field-type-name-value\">Carlos Oliv\u00e1n Villobas<\/div><\/div><\/td><td  class=\"col-field-value\"><div class=\"wpforms-view-field-cont  field-3 \"><div class=\"wpforms-view-field-value wpforms-view-field-type-text-value\">Laboratorio de Arag\u00f3n Gobierno Abierto - LAAAB<\/div><\/div><\/td><\/tr><tr><td  class=\"col-field-value\"><div class=\"wpforms-view-field-cont  field-2 \"><div class=\"wpforms-view-field-value wpforms-view-field-type-name-value\">Carmen Oviedo Cueva<\/div><\/div><\/td><td  class=\"col-field-value\"><div class=\"wpforms-view-field-cont  field-3 \"><div class=\"wpforms-view-field-value wpforms-view-field-type-text-value\">Pedagog\u00edas Invisibles<\/div><\/div><\/td><\/tr><tr><td  class=\"col-field-value\"><div class=\"wpforms-view-field-cont  field-2 \"><div class=\"wpforms-view-field-value wpforms-view-field-type-name-value\">Caroline jerome<\/div><\/div><\/td><td  class=\"col-field-value\"><div class=\"wpforms-view-field-cont  field-3 \"><div class=\"wpforms-view-field-value wpforms-view-field-type-text-value\"><\/div><\/div><\/td><\/tr><tr><td  class=\"col-field-value\"><div class=\"wpforms-view-field-cont  field-2 \"><div class=\"wpforms-view-field-value wpforms-view-field-type-name-value\">Carpe<\/div><\/div><\/td><td  class=\"col-field-value\"><div class=\"wpforms-view-field-cont  field-3 \"><div class=\"wpforms-view-field-value wpforms-view-field-type-text-value\"><\/div><\/div><\/td><\/tr><tr><td  class=\"col-field-value\"><div class=\"wpforms-view-field-cont  field-2 \"><div class=\"wpforms-view-field-value wpforms-view-field-type-name-value\">Daniel Llamas<\/div><\/div><\/td><td  class=\"col-field-value\"><div class=\"wpforms-view-field-cont  field-3 \"><div class=\"wpforms-view-field-value wpforms-view-field-type-text-value\">Macedonia<\/div><\/div><\/td><\/tr><tr><td  class=\"col-field-value\"><div class=\"wpforms-view-field-cont  field-2 \"><div class=\"wpforms-view-field-value wpforms-view-field-type-name-value\">David Gateu Valls<\/div><\/div><\/td><td  class=\"col-field-value\"><div class=\"wpforms-view-field-cont  field-3 \"><div class=\"wpforms-view-field-value wpforms-view-field-type-text-value\">Vallsgenera<\/div><\/div><\/td><\/tr><tr><td  class=\"col-field-value\"><div class=\"wpforms-view-field-cont  field-2 \"><div class=\"wpforms-view-field-value wpforms-view-field-type-name-value\">David Mingorance Puga<\/div><\/div><\/td><td  class=\"col-field-value\"><div class=\"wpforms-view-field-cont  field-3 \"><div class=\"wpforms-view-field-value wpforms-view-field-type-text-value\">AIDI<\/div><\/div><\/td><\/tr><tr><td  class=\"col-field-value\"><div class=\"wpforms-view-field-cont  field-2 \"><div class=\"wpforms-view-field-value wpforms-view-field-type-name-value\">David Pello Gonzalez<\/div><\/div><\/td><td  class=\"col-field-value\"><div class=\"wpforms-view-field-cont  field-3 \"><div class=\"wpforms-view-field-value wpforms-view-field-type-text-value\"><\/div><\/div><\/td><\/tr><tr><td  class=\"col-field-value\"><div class=\"wpforms-view-field-cont  field-2 \"><div class=\"wpforms-view-field-value wpforms-view-field-type-name-value\">Diego Gracia<\/div><\/div><\/td><td  class=\"col-field-value\"><div class=\"wpforms-view-field-cont  field-3 \"><div class=\"wpforms-view-field-value wpforms-view-field-type-text-value\">Subdirecci\u00f3n General de Coordinaci\u00f3n Bibliotecaria (Ministerio de Cultura y Deporte, Espa\u00f1a)<\/div><\/div><\/td><\/tr><tr><td  class=\"col-field-value\"><div class=\"wpforms-view-field-cont  field-2 \"><div class=\"wpforms-view-field-value wpforms-view-field-type-name-value\">Diego L\u00f3pez-de-Ipi\u00f1a Gonz\u00e1lez-de-Artaza<\/div><\/div><\/td><td  class=\"col-field-value\"><div class=\"wpforms-view-field-cont  field-3 \"><div class=\"wpforms-view-field-value wpforms-view-field-type-text-value\">Universidad de Deusto<\/div><\/div><\/td><\/tr><tr><td  class=\"col-field-value\"><div class=\"wpforms-view-field-cont  field-2 \"><div class=\"wpforms-view-field-value wpforms-view-field-type-name-value\">ELENA POLO RAIG\u00d3N<\/div><\/div><\/td><td  class=\"col-field-value\"><div class=\"wpforms-view-field-cont  field-3 \"><div class=\"wpforms-view-field-value wpforms-view-field-type-text-value\"><\/div><\/div><\/td><\/tr><tr><td  class=\"col-field-value\"><div class=\"wpforms-view-field-cont  field-2 \"><div class=\"wpforms-view-field-value wpforms-view-field-type-name-value\">Empar Polo<\/div><\/div><\/td><td  class=\"col-field-value\"><div class=\"wpforms-view-field-cont  field-3 \"><div class=\"wpforms-view-field-value wpforms-view-field-type-text-value\">Citilab<\/div><\/div><\/td><\/tr><tr><td  class=\"col-field-value\"><div class=\"wpforms-view-field-cont  field-2 \"><div class=\"wpforms-view-field-value wpforms-view-field-type-name-value\">Eva G\u00f3mez<\/div><\/div><\/td><td  class=\"col-field-value\"><div class=\"wpforms-view-field-cont  field-3 \"><div class=\"wpforms-view-field-value wpforms-view-field-type-text-value\">i2cat<\/div><\/div><\/td><\/tr><tr><td  class=\"col-field-value\"><div class=\"wpforms-view-field-cont  field-2 \"><div class=\"wpforms-view-field-value wpforms-view-field-type-name-value\">FERMIN CEREZO PECO<\/div><\/div><\/td><td  class=\"col-field-value\"><div class=\"wpforms-view-field-cont  field-3 \"><div class=\"wpforms-view-field-value wpforms-view-field-type-text-value\"><\/div><\/div><\/td><\/tr><tr><td  class=\"col-field-value\"><div class=\"wpforms-view-field-cont  field-2 \"><div class=\"wpforms-view-field-value wpforms-view-field-type-name-value\">Florencia De Los Santos<\/div><\/div><\/td><td  class=\"col-field-value\"><div class=\"wpforms-view-field-cont  field-3 \"><div class=\"wpforms-view-field-value wpforms-view-field-type-text-value\"><\/div><\/div><\/td><\/tr><tr><td  class=\"col-field-value\"><div class=\"wpforms-view-field-cont  field-2 \"><div class=\"wpforms-view-field-value wpforms-view-field-type-name-value\">Francisco Paredes<\/div><\/div><\/td><td  class=\"col-field-value\"><div class=\"wpforms-view-field-cont  field-3 \"><div class=\"wpforms-view-field-value wpforms-view-field-type-text-value\">Asociaci\u00f3n Civil Espacio Paternal Arte y Cultura<\/div><\/div><\/td><\/tr><tr><td  class=\"col-field-value\"><div class=\"wpforms-view-field-cont  field-2 \"><div class=\"wpforms-view-field-value wpforms-view-field-type-name-value\">Gorka Rodr\u00edguez Olea<\/div><\/div><\/td><td  class=\"col-field-value\"><div class=\"wpforms-view-field-cont  field-3 \"><div class=\"wpforms-view-field-value wpforms-view-field-type-text-value\">Urbanbat<\/div><\/div><\/td><\/tr><tr><td  class=\"col-field-value\"><div class=\"wpforms-view-field-cont  field-2 \"><div class=\"wpforms-view-field-value wpforms-view-field-type-name-value\">Gynna Millan<\/div><\/div><\/td><td  class=\"col-field-value\"><div class=\"wpforms-view-field-cont  field-3 \"><div class=\"wpforms-view-field-value wpforms-view-field-type-text-value\">Universidad del Valle<\/div><\/div><\/td><\/tr><tr><td  class=\"col-field-value\"><div class=\"wpforms-view-field-cont  field-2 \"><div class=\"wpforms-view-field-value wpforms-view-field-type-name-value\">Ibai Zabaleta<\/div><\/div><\/td><td  class=\"col-field-value\"><div class=\"wpforms-view-field-cont  field-3 \"><div class=\"wpforms-view-field-value wpforms-view-field-type-text-value\">Tabakalera<\/div><\/div><\/td><\/tr><tr><td  class=\"col-field-value\"><div class=\"wpforms-view-field-cont  field-2 \"><div class=\"wpforms-view-field-value wpforms-view-field-type-name-value\">Inaki Lazaro<\/div><\/div><\/td><td  class=\"col-field-value\"><div class=\"wpforms-view-field-cont  field-3 \"><div class=\"wpforms-view-field-value wpforms-view-field-type-text-value\">Infolagun<\/div><\/div><\/td><\/tr><tr><td  class=\"col-field-value\"><div class=\"wpforms-view-field-cont  field-2 \"><div class=\"wpforms-view-field-value wpforms-view-field-type-name-value\">Iranzu Guijarro Plaza<\/div><\/div><\/td><td  class=\"col-field-value\"><div class=\"wpforms-view-field-cont  field-3 \"><div class=\"wpforms-view-field-value wpforms-view-field-type-text-value\">ColaBoraBora<\/div><\/div><\/td><\/tr><tr><td  class=\"col-field-value\"><div class=\"wpforms-view-field-cont  field-2 \"><div class=\"wpforms-view-field-value wpforms-view-field-type-name-value\">Irene Reig Alberola<\/div><\/div><\/td><td  class=\"col-field-value\"><div class=\"wpforms-view-field-cont  field-3 \"><div class=\"wpforms-view-field-value wpforms-view-field-type-text-value\">CARPE<\/div><\/div><\/td><\/tr><tr><td  class=\"col-field-value\"><div class=\"wpforms-view-field-cont  field-2 \"><div class=\"wpforms-view-field-value wpforms-view-field-type-name-value\">Ixone Artetxe<\/div><\/div><\/td><td  class=\"col-field-value\"><div class=\"wpforms-view-field-cont  field-3 \"><div class=\"wpforms-view-field-value wpforms-view-field-type-text-value\"><\/div><\/div><\/td><\/tr><tr><td  class=\"col-field-value\"><div class=\"wpforms-view-field-cont  field-2 \"><div class=\"wpforms-view-field-value wpforms-view-field-type-name-value\">J.Ignasi<\/div><\/div><\/td><td  class=\"col-field-value\"><div class=\"wpforms-view-field-cont  field-3 \"><div class=\"wpforms-view-field-value wpforms-view-field-type-text-value\">CTTI<\/div><\/div><\/td><\/tr><tr><td  class=\"col-field-value\"><div class=\"wpforms-view-field-cont  field-2 \"><div class=\"wpforms-view-field-value wpforms-view-field-type-name-value\">Javier Arteaga<\/div><\/div><\/td><td  class=\"col-field-value\"><div class=\"wpforms-view-field-cont  field-3 \"><div class=\"wpforms-view-field-value wpforms-view-field-type-text-value\">Feeling<\/div><\/div><\/td><\/tr><tr><td  class=\"col-field-value\"><div class=\"wpforms-view-field-cont  field-2 \"><div class=\"wpforms-view-field-value wpforms-view-field-type-name-value\">Javier Ib\u00e1\u00f1ez Mart\u00ednez<\/div><\/div><\/td><td  class=\"col-field-value\"><div class=\"wpforms-view-field-cont  field-3 \"><div class=\"wpforms-view-field-value wpforms-view-field-type-text-value\">Las Naves<\/div><\/div><\/td><\/tr><tr><td  class=\"col-field-value\"><div class=\"wpforms-view-field-cont  field-2 \"><div class=\"wpforms-view-field-value wpforms-view-field-type-name-value\">Javier Ratonlab<\/div><\/div><\/td><td  class=\"col-field-value\"><div class=\"wpforms-view-field-cont  field-3 \"><div class=\"wpforms-view-field-value wpforms-view-field-type-text-value\"><\/div><\/div><\/td><\/tr><tr><td  class=\"col-field-value\"><div class=\"wpforms-view-field-cont  field-2 \"><div class=\"wpforms-view-field-value wpforms-view-field-type-name-value\">Javier Roche Mart\u00ednez<\/div><\/div><\/td><td  class=\"col-field-value\"><div class=\"wpforms-view-field-cont  field-3 \"><div class=\"wpforms-view-field-value wpforms-view-field-type-text-value\">Harinera ZGZ<\/div><\/div><\/td><\/tr><tr><td  class=\"col-field-value\"><div class=\"wpforms-view-field-cont  field-2 \"><div class=\"wpforms-view-field-value wpforms-view-field-type-name-value\">Jordi Colobrans Delgado<\/div><\/div><\/td><td  class=\"col-field-value\"><div class=\"wpforms-view-field-cont  field-3 \"><div class=\"wpforms-view-field-value wpforms-view-field-type-text-value\">Fundaci\u00f3 i2CAT<\/div><\/div><\/td><\/tr><tr><td  class=\"col-field-value\"><div class=\"wpforms-view-field-cont  field-2 \"><div class=\"wpforms-view-field-value wpforms-view-field-type-name-value\">Jorge Benet<\/div><\/div><\/td><td  class=\"col-field-value\"><div class=\"wpforms-view-field-cont  field-3 \"><div class=\"wpforms-view-field-value wpforms-view-field-type-text-value\"><\/div><\/div><\/td><\/tr><tr><td  class=\"col-field-value\"><div class=\"wpforms-view-field-cont  field-2 \"><div class=\"wpforms-view-field-value wpforms-view-field-type-name-value\">Josep Mar\u00e9s i Subir\u00e0<\/div><\/div><\/td><td  class=\"col-field-value\"><div class=\"wpforms-view-field-cont  field-3 \"><div class=\"wpforms-view-field-value wpforms-view-field-type-text-value\">adhoc cultura<\/div><\/div><\/td><\/tr><tr><td  class=\"col-field-value\"><div class=\"wpforms-view-field-cont  field-2 \"><div class=\"wpforms-view-field-value wpforms-view-field-type-name-value\">Juan<\/div><\/div><\/td><td  class=\"col-field-value\"><div class=\"wpforms-view-field-cont  field-3 \"><div class=\"wpforms-view-field-value wpforms-view-field-type-text-value\">Artefacto dise\u00f1o<\/div><\/div><\/td><\/tr><tr><td  class=\"col-field-value\"><div class=\"wpforms-view-field-cont  field-2 \"><div class=\"wpforms-view-field-value wpforms-view-field-type-name-value\">Juan Garc\u00eda \u00danica<\/div><\/div><\/td><td  class=\"col-field-value\"><div class=\"wpforms-view-field-cont  field-3 \"><div class=\"wpforms-view-field-value wpforms-view-field-type-text-value\">Ugubur\u00fa. Seminario de Literatura Infantil y Juvenil en la UGR \/ Universidad de Granada<\/div><\/div><\/td><\/tr><tr><td  class=\"col-field-value\"><div class=\"wpforms-view-field-cont  field-2 \"><div class=\"wpforms-view-field-value wpforms-view-field-type-name-value\">JUAN LAZARO GARC\u00cdA<\/div><\/div><\/td><td  class=\"col-field-value\"><div class=\"wpforms-view-field-cont  field-3 \"><div class=\"wpforms-view-field-value wpforms-view-field-type-text-value\">ARTE_FACTO DISE\u00d1O<\/div><\/div><\/td><\/tr><tr><td  class=\"col-field-value\"><div class=\"wpforms-view-field-cont  field-2 \"><div class=\"wpforms-view-field-value wpforms-view-field-type-name-value\">Kani Cubo<\/div><\/div><\/td><td  class=\"col-field-value\"><div class=\"wpforms-view-field-cont  field-3 \"><div class=\"wpforms-view-field-value wpforms-view-field-type-text-value\">LAAAB<\/div><\/div><\/td><\/tr><tr><td  class=\"col-field-value\"><div class=\"wpforms-view-field-cont  field-2 \"><div class=\"wpforms-view-field-value wpforms-view-field-type-name-value\">Karina Rocha Curr\u00e1s<\/div><\/div><\/td><td  class=\"col-field-value\"><div class=\"wpforms-view-field-cont  field-3 \"><div class=\"wpforms-view-field-value wpforms-view-field-type-text-value\">lareira social<\/div><\/div><\/td><\/tr><tr><td  class=\"col-field-value\"><div class=\"wpforms-view-field-cont  field-2 \"><div class=\"wpforms-view-field-value wpforms-view-field-type-name-value\">Klaudia Alvarez Nogales<\/div><\/div><\/td><td  class=\"col-field-value\"><div class=\"wpforms-view-field-cont  field-3 \"><div class=\"wpforms-view-field-value wpforms-view-field-type-text-value\">Adab1ts<\/div><\/div><\/td><\/tr><tr><td  class=\"col-field-value\"><div class=\"wpforms-view-field-cont  field-2 \"><div class=\"wpforms-view-field-value wpforms-view-field-type-name-value\">Laia S\u00e1nchez<\/div><\/div><\/td><td  class=\"col-field-value\"><div class=\"wpforms-view-field-cont  field-3 \"><div class=\"wpforms-view-field-value wpforms-view-field-type-text-value\">Citilab<\/div><\/div><\/td><\/tr><tr><td  class=\"col-field-value\"><div class=\"wpforms-view-field-cont  field-2 \"><div class=\"wpforms-view-field-value wpforms-view-field-type-name-value\">Laura Peredo<\/div><\/div><\/td><td  class=\"col-field-value\"><div class=\"wpforms-view-field-cont  field-3 \"><div class=\"wpforms-view-field-value wpforms-view-field-type-text-value\">Espacio Odisea<\/div><\/div><\/td><\/tr><tr><td  class=\"col-field-value\"><div class=\"wpforms-view-field-cont  field-2 \"><div class=\"wpforms-view-field-value wpforms-view-field-type-name-value\">Laurita Siles<\/div><\/div><\/td><td  class=\"col-field-value\"><div class=\"wpforms-view-field-cont  field-3 \"><div class=\"wpforms-view-field-value wpforms-view-field-type-text-value\">Mutur Beltz<\/div><\/div><\/td><\/tr><tr><td  class=\"col-field-value\"><div class=\"wpforms-view-field-cont  field-2 \"><div class=\"wpforms-view-field-value wpforms-view-field-type-name-value\">Leire Cano<\/div><\/div><\/td><td  class=\"col-field-value\"><div class=\"wpforms-view-field-cont  field-3 \"><div class=\"wpforms-view-field-value wpforms-view-field-type-text-value\">Medialab-Tabakalera (Ereiten)<\/div><\/div><\/td><\/tr><tr><td  class=\"col-field-value\"><div class=\"wpforms-view-field-cont  field-2 \"><div class=\"wpforms-view-field-value wpforms-view-field-type-name-value\">Liliana Arroyo Moliner<\/div><\/div><\/td><td  class=\"col-field-value\"><div class=\"wpforms-view-field-cont  field-3 \"><div class=\"wpforms-view-field-value wpforms-view-field-type-text-value\"><\/div><\/div><\/td><\/tr><tr><td  class=\"col-field-value\"><div class=\"wpforms-view-field-cont  field-2 \"><div class=\"wpforms-view-field-value wpforms-view-field-type-name-value\">Lola Montejo Cunilleras<\/div><\/div><\/td><td  class=\"col-field-value\"><div class=\"wpforms-view-field-cont  field-3 \"><div class=\"wpforms-view-field-value wpforms-view-field-type-text-value\">T\u00e9sera Mediaci\u00f3<\/div><\/div><\/td><\/tr><tr><td  class=\"col-field-value\"><div class=\"wpforms-view-field-cont  field-2 \"><div class=\"wpforms-view-field-value wpforms-view-field-type-name-value\">Lourdes Mir\u00f3n<\/div><\/div><\/td><td  class=\"col-field-value\"><div class=\"wpforms-view-field-cont  field-3 \"><div class=\"wpforms-view-field-value wpforms-view-field-type-text-value\">Joves\u00f3lides<\/div><\/div><\/td><\/tr><tr><td  class=\"col-field-value\"><div class=\"wpforms-view-field-cont  field-2 \"><div class=\"wpforms-view-field-value wpforms-view-field-type-name-value\">luis Pradilla<\/div><\/div><\/td><td  class=\"col-field-value\"><div class=\"wpforms-view-field-cont  field-3 \"><div class=\"wpforms-view-field-value wpforms-view-field-type-text-value\"><\/div><\/div><\/td><\/tr><tr><td  class=\"col-field-value\"><div class=\"wpforms-view-field-cont  field-2 \"><div class=\"wpforms-view-field-value wpforms-view-field-type-name-value\">Maje Reig<\/div><\/div><\/td><td  class=\"col-field-value\"><div class=\"wpforms-view-field-cont  field-3 \"><div class=\"wpforms-view-field-value wpforms-view-field-type-text-value\">CARPE<\/div><\/div><\/td><\/tr><tr><td  class=\"col-field-value\"><div class=\"wpforms-view-field-cont  field-2 \"><div class=\"wpforms-view-field-value wpforms-view-field-type-name-value\">Marcos Garc\u00eda<\/div><\/div><\/td><td  class=\"col-field-value\"><div class=\"wpforms-view-field-cont  field-3 \"><div class=\"wpforms-view-field-value wpforms-view-field-type-text-value\"><\/div><\/div><\/td><\/tr><tr><td  class=\"col-field-value\"><div class=\"wpforms-view-field-cont  field-2 \"><div class=\"wpforms-view-field-value wpforms-view-field-type-name-value\">Mar\u00eda Campos<\/div><\/div><\/td><td  class=\"col-field-value\"><div class=\"wpforms-view-field-cont  field-3 \"><div class=\"wpforms-view-field-value wpforms-view-field-type-text-value\"><\/div><\/div><\/td><\/tr><tr><td  class=\"col-field-value\"><div class=\"wpforms-view-field-cont  field-2 \"><div class=\"wpforms-view-field-value wpforms-view-field-type-name-value\">Mar\u00eda Lozano<\/div><\/div><\/td><td  class=\"col-field-value\"><div class=\"wpforms-view-field-cont  field-3 \"><div class=\"wpforms-view-field-value wpforms-view-field-type-text-value\"><\/div><\/div><\/td><\/tr><tr><td  class=\"col-field-value\"><div class=\"wpforms-view-field-cont  field-2 \"><div class=\"wpforms-view-field-value wpforms-view-field-type-name-value\">Mariana Salgado<\/div><\/div><\/td><td  class=\"col-field-value\"><div class=\"wpforms-view-field-cont  field-3 \"><div class=\"wpforms-view-field-value wpforms-view-field-type-text-value\">Dise\u00f1o y di\u00e1spora podcast<\/div><\/div><\/td><\/tr><tr><td  class=\"col-field-value\"><div class=\"wpforms-view-field-cont  field-2 \"><div class=\"wpforms-view-field-value wpforms-view-field-type-name-value\">Marianna Martinez Alfaro<\/div><\/div><\/td><td  class=\"col-field-value\"><div class=\"wpforms-view-field-cont  field-3 \"><div class=\"wpforms-view-field-value wpforms-view-field-type-text-value\">Circular Society Labs<\/div><\/div><\/td><\/tr><tr><td  class=\"col-field-value\"><div class=\"wpforms-view-field-cont  field-2 \"><div class=\"wpforms-view-field-value wpforms-view-field-type-name-value\">Marianna Martinez Alfaro<\/div><\/div><\/td><td  class=\"col-field-value\"><div class=\"wpforms-view-field-cont  field-3 \"><div class=\"wpforms-view-field-value wpforms-view-field-type-text-value\">circular society labs<\/div><\/div><\/td><\/tr><tr><td  class=\"col-field-value\"><div class=\"wpforms-view-field-cont  field-2 \"><div class=\"wpforms-view-field-value wpforms-view-field-type-name-value\">Mat\u00edas Verderau del R\u00edo<\/div><\/div><\/td><td  class=\"col-field-value\"><div class=\"wpforms-view-field-cont  field-3 \"><div class=\"wpforms-view-field-value wpforms-view-field-type-text-value\">Lichen Innovaci\u00f3n Social<\/div><\/div><\/td><\/tr><tr><td  class=\"col-field-value\"><div class=\"wpforms-view-field-cont  field-2 \"><div class=\"wpforms-view-field-value wpforms-view-field-type-name-value\">Mauro Gil-Fournier<\/div><\/div><\/td><td  class=\"col-field-value\"><div class=\"wpforms-view-field-cont  field-3 \"><div class=\"wpforms-view-field-value wpforms-view-field-type-text-value\">Arquitecturas Afectivas<\/div><\/div><\/td><\/tr><tr><td  class=\"col-field-value\"><div class=\"wpforms-view-field-cont  field-2 \"><div class=\"wpforms-view-field-value wpforms-view-field-type-name-value\">Montse Lara Suriol<\/div><\/div><\/td><td  class=\"col-field-value\"><div class=\"wpforms-view-field-cont  field-3 \"><div class=\"wpforms-view-field-value wpforms-view-field-type-text-value\">Biblioteca Municipal de Cervell\u00f3<\/div><\/div><\/td><\/tr><tr><td  class=\"col-field-value\"><div class=\"wpforms-view-field-cont  field-2 \"><div class=\"wpforms-view-field-value wpforms-view-field-type-name-value\">MORA EFRON<\/div><\/div><\/td><td  class=\"col-field-value\"><div class=\"wpforms-view-field-cont  field-3 \"><div class=\"wpforms-view-field-value wpforms-view-field-type-text-value\"><\/div><\/div><\/td><\/tr><tr><td  class=\"col-field-value\"><div class=\"wpforms-view-field-cont  field-2 \"><div class=\"wpforms-view-field-value wpforms-view-field-type-name-value\">Natascha Wahlberg Mac\u00edas<\/div><\/div><\/td><td  class=\"col-field-value\"><div class=\"wpforms-view-field-cont  field-3 \"><div class=\"wpforms-view-field-value wpforms-view-field-type-text-value\">Social Climate S.COOP.AND<\/div><\/div><\/td><\/tr><tr><td  class=\"col-field-value\"><div class=\"wpforms-view-field-cont  field-2 \"><div class=\"wpforms-view-field-value wpforms-view-field-type-name-value\">\u00d2scar Mart\u00ednez Ciur\u00f3<\/div><\/div><\/td><td  class=\"col-field-value\"><div class=\"wpforms-view-field-cont  field-3 \"><div class=\"wpforms-view-field-value wpforms-view-field-type-text-value\">MakerConvent<\/div><\/div><\/td><\/tr><tr><td  class=\"col-field-value\"><div class=\"wpforms-view-field-cont  field-2 \"><div class=\"wpforms-view-field-value wpforms-view-field-type-name-value\">Patricia Horrillo Guerra<\/div><\/div><\/td><td  class=\"col-field-value\"><div class=\"wpforms-view-field-cont  field-3 \"><div class=\"wpforms-view-field-value wpforms-view-field-type-text-value\">Wikiesfera<\/div><\/div><\/td><\/tr><tr><td  class=\"col-field-value\"><div class=\"wpforms-view-field-cont  field-2 \"><div class=\"wpforms-view-field-value wpforms-view-field-type-name-value\">Paula<\/div><\/div><\/td><td  class=\"col-field-value\"><div class=\"wpforms-view-field-cont  field-3 \"><div class=\"wpforms-view-field-value wpforms-view-field-type-text-value\">coboi<\/div><\/div><\/td><\/tr><tr><td  class=\"col-field-value\"><div class=\"wpforms-view-field-cont  field-2 \"><div class=\"wpforms-view-field-value wpforms-view-field-type-name-value\">RAQUEL<\/div><\/div><\/td><td  class=\"col-field-value\"><div class=\"wpforms-view-field-cont  field-3 \"><div class=\"wpforms-view-field-value wpforms-view-field-type-text-value\">DT EDUCACI\u00d3N<\/div><\/div><\/td><\/tr><tr><td  class=\"col-field-value\"><div class=\"wpforms-view-field-cont  field-2 \"><div class=\"wpforms-view-field-value wpforms-view-field-type-name-value\">Ricardo Ant\u00f3n Troyas<\/div><\/div><\/td><td  class=\"col-field-value\"><div class=\"wpforms-view-field-cont  field-3 \"><div class=\"wpforms-view-field-value wpforms-view-field-type-text-value\">ColaBoraBora<\/div><\/div><\/td><\/tr><tr><td  class=\"col-field-value\"><div class=\"wpforms-view-field-cont  field-2 \"><div class=\"wpforms-view-field-value wpforms-view-field-type-name-value\">Rub\u00e9n Dom\u00ednguez<\/div><\/div><\/td><td  class=\"col-field-value\"><div class=\"wpforms-view-field-cont  field-3 \"><div class=\"wpforms-view-field-value wpforms-view-field-type-text-value\"><\/div><\/div><\/td><\/tr><tr><td  class=\"col-field-value\"><div class=\"wpforms-view-field-cont  field-2 \"><div class=\"wpforms-view-field-value wpforms-view-field-type-name-value\">Sara Anes Sanz<\/div><\/div><\/td><td  class=\"col-field-value\"><div class=\"wpforms-view-field-cont  field-3 \"><div class=\"wpforms-view-field-value wpforms-view-field-type-text-value\"><\/div><\/div><\/td><\/tr><tr><td  class=\"col-field-value\"><div class=\"wpforms-view-field-cont  field-2 \"><div class=\"wpforms-view-field-value wpforms-view-field-type-name-value\">Sara Ferreras<\/div><\/div><\/td><td  class=\"col-field-value\"><div class=\"wpforms-view-field-cont  field-3 \"><div class=\"wpforms-view-field-value wpforms-view-field-type-text-value\">Trimtab<\/div><\/div><\/td><\/tr><tr><td  class=\"col-field-value\"><div class=\"wpforms-view-field-cont  field-2 \"><div class=\"wpforms-view-field-value wpforms-view-field-type-name-value\">Seraf\u00edn Huertas Alcal\u00e1<\/div><\/div><\/td><td  class=\"col-field-value\"><div class=\"wpforms-view-field-cont  field-3 \"><div class=\"wpforms-view-field-value wpforms-view-field-type-text-value\"><\/div><\/div><\/td><\/tr><tr><td  class=\"col-field-value\"><div class=\"wpforms-view-field-cont  field-2 \"><div class=\"wpforms-view-field-value wpforms-view-field-type-name-value\">SONIA PRIETO GONZ\u00c1LEZ<\/div><\/div><\/td><td  class=\"col-field-value\"><div class=\"wpforms-view-field-cont  field-3 \"><div class=\"wpforms-view-field-value wpforms-view-field-type-text-value\">eCivis, asociaci\u00f3n para la promoci\u00f3n de la ciudadan\u00eda activa<\/div><\/div><\/td><\/tr><tr><td  class=\"col-field-value\"><div class=\"wpforms-view-field-cont  field-2 \"><div class=\"wpforms-view-field-value wpforms-view-field-type-name-value\">Stephanie Garc\u00eda<\/div><\/div><\/td><td  class=\"col-field-value\"><div class=\"wpforms-view-field-cont  field-3 \"><div class=\"wpforms-view-field-value wpforms-view-field-type-text-value\">Papeler\u00eda urbana<\/div><\/div><\/td><\/tr><tr><td  class=\"col-field-value\"><div class=\"wpforms-view-field-cont  field-2 \"><div class=\"wpforms-view-field-value wpforms-view-field-type-name-value\">Susana Moliner<\/div><\/div><\/td><td  class=\"col-field-value\"><div class=\"wpforms-view-field-cont  field-3 \"><div class=\"wpforms-view-field-value wpforms-view-field-type-text-value\">GRIGRI<\/div><\/div><\/td><\/tr><tr><td  class=\"col-field-value\"><div class=\"wpforms-view-field-cont  field-2 \"><div class=\"wpforms-view-field-value wpforms-view-field-type-name-value\">Teresa Jular P\u00e9rez-Alfaro<\/div><\/div><\/td><td  class=\"col-field-value\"><div class=\"wpforms-view-field-cont  field-3 \"><div class=\"wpforms-view-field-value wpforms-view-field-type-text-value\">xli design+thinking<\/div><\/div><\/td><\/tr><tr><td  class=\"col-field-value\"><div class=\"wpforms-view-field-cont  field-2 \"><div class=\"wpforms-view-field-value wpforms-view-field-type-name-value\">Tomas Guido<\/div><\/div><\/td><td  class=\"col-field-value\"><div class=\"wpforms-view-field-cont  field-3 \"><div class=\"wpforms-view-field-value wpforms-view-field-type-text-value\">#plantauno-transit projectes<\/div><\/div><\/td><\/tr><tr><td  class=\"col-field-value\"><div class=\"wpforms-view-field-cont  field-2 \"><div class=\"wpforms-view-field-value wpforms-view-field-type-name-value\">To\u00f1i Caro Gonz\u00e1lez<\/div><\/div><\/td><td  class=\"col-field-value\"><div class=\"wpforms-view-field-cont  field-3 \"><div class=\"wpforms-view-field-value wpforms-view-field-type-text-value\">i2Cat<\/div><\/div><\/td><\/tr><tr><td  class=\"col-field-value\"><div class=\"wpforms-view-field-cont  field-2 \"><div class=\"wpforms-view-field-value wpforms-view-field-type-name-value\">To\u00f1i Caro Gonz\u00e1lez<\/div><\/div><\/td><td  class=\"col-field-value\"><div class=\"wpforms-view-field-cont  field-3 \"><div class=\"wpforms-view-field-value wpforms-view-field-type-text-value\">eohforgood<\/div><\/div><\/td><\/tr><tr><td  class=\"col-field-value\"><div class=\"wpforms-view-field-cont  field-2 \"><div class=\"wpforms-view-field-value wpforms-view-field-type-name-value\">Valentina Garc\u00eda Abalo<\/div><\/div><\/td><td  class=\"col-field-value\"><div class=\"wpforms-view-field-cont  field-3 \"><div class=\"wpforms-view-field-value wpforms-view-field-type-text-value\"><\/div><\/div><\/td><\/tr><tr><td  class=\"col-field-value\"><div class=\"wpforms-view-field-cont  field-2 \"><div class=\"wpforms-view-field-value wpforms-view-field-type-name-value\">Victoria Pellicer Sifres<\/div><\/div><\/td><td  class=\"col-field-value\"><div class=\"wpforms-view-field-cont  field-3 \"><div class=\"wpforms-view-field-value wpforms-view-field-type-text-value\">Las Naves<\/div><\/div><\/td><\/tr><\/tbody><\/table><\/div><\/div>[\/vc_column_text][\/vc_tta_section][\/vc_tta_accordion][\/vc_column][\/vc_row][vc_row css=&#8221;.vc_custom_1650322789934{margin-bottom: 70px !important;padding-top: 0px !important;background-color: #f9dedb !important;}&#8221; el_class=&#8221;formulario&#8221;][vc_column][vc_column_text]<div class=\"wpforms-container wpforms-container-full\" id=\"wpforms-10\"><form id=\"wpforms-form-10\" class=\"wpforms-validate wpforms-form wpforms-ajax-form\" data-formid=\"10\" method=\"post\" enctype=\"multipart\/form-data\" action=\"\/ca\/wp-json\/wp\/v2\/pages\/1360\" data-token=\"df4b4d031defcd08c27d4e7a0142f9df\"><noscript class=\"wpforms-error-noscript\">Please enable JavaScript in your browser to complete this form.<\/noscript><div class=\"wpforms-field-container\"><div id=\"wpforms-10-field_14-container\" class=\"wpforms-field wpforms-field-divider\" data-field-id=\"14\"><h3 id=\"wpforms-10-field_14\" name=\"wpforms[fields][14]\">\u00bfNos ayudas con tu firma? \u00a1Juntas somos m\u00e1s fuertes!<\/h3><div class=\"wpforms-field-description\"><span style=\"color: red;\">*<\/span> Dato obligatorio.<\/br>\r\n\u2022 Campo visible p\u00fablicamente en la web y otras publicaciones.<\/br>\r\n<span style=\"color: blue;\">\u2022 Campo de uso interno no visible p\u00fablicamente o utilizado de forma agregada o para realizar filtrados de b\u00fasqueda.<\/span> \r\n<\/div><\/div><div id=\"wpforms-10-field_2-container\" class=\"wpforms-field wpforms-field-name wpforms-one-half wpforms-first\" data-field-id=\"2\"><label class=\"wpforms-field-label\" for=\"wpforms-10-field_2\">Nombre y apellidos <span class=\"wpforms-required-label\">*<\/span><\/label><input type=\"text\" id=\"wpforms-10-field_2\" class=\"wpforms-field-large wpforms-field-required\" name=\"wpforms[fields][2]\" required><\/div><div id=\"wpforms-10-field_3-container\" class=\"wpforms-field wpforms-field-text wpforms-one-half\" data-field-id=\"3\"><label class=\"wpforms-field-label\" for=\"wpforms-10-field_3\">Entidad<\/label><input type=\"text\" id=\"wpforms-10-field_3\" class=\"wpforms-field-large\" name=\"wpforms[fields][3]\" ><\/div><div id=\"wpforms-10-field_4-container\" class=\"wpforms-field wpforms-field-email wpforms-one-half wpforms-first nopublico\" data-field-id=\"4\"><label class=\"wpforms-field-label\" for=\"wpforms-10-field_4\">Email <span class=\"wpforms-required-label\">*<\/span><\/label><div class=\"wpforms-field-row wpforms-field-large\"><div class=\"wpforms-field-row-block wpforms-one-half wpforms-first\"><input type=\"email\" id=\"wpforms-10-field_4\" class=\"wpforms-field-required wpforms-field-email-primary\" name=\"wpforms[fields][4][primary]\" required><label for=\"wpforms-10-field_4\" class=\"wpforms-field-sublabel after \">Email<\/label><\/div><div class=\"wpforms-field-row-block wpforms-one-half\"><input type=\"email\" id=\"wpforms-10-field_4-secondary\" class=\"wpforms-field-email-secondary wpforms-field-required\" data-rule-confirm=\"#wpforms-10-field_4\" name=\"wpforms[fields][4][secondary]\" required><label for=\"wpforms-10-field_4-secondary\" class=\"wpforms-field-sublabel after \">Confirm Email<\/label><\/div><\/div><div class=\"wpforms-field-description\"><em>Campo no visible p\u00fablicamente<\/em>.<\/div><\/div><div id=\"wpforms-10-field_5-container\" class=\"wpforms-field wpforms-field-url wpforms-one-half nopublico\" data-field-id=\"5\"><label class=\"wpforms-field-label\" for=\"wpforms-10-field_5\">Web \/ URL<\/label><input type=\"url\" id=\"wpforms-10-field_5\" class=\"wpforms-field-large\" name=\"wpforms[fields][5]\" ><div class=\"wpforms-field-description\"><em>Campo no visible p\u00fablicamente<\/em>.<\/div><\/div><div id=\"wpforms-10-field_17-container\" class=\"wpforms-field wpforms-field-text wpforms-one-third wpforms-first nopublico\" data-field-id=\"17\"><label class=\"wpforms-field-label\" for=\"wpforms-10-field_17\">C\u00f3digo postal <span class=\"wpforms-required-label\">*<\/span><\/label><input type=\"text\" id=\"wpforms-10-field_17\" class=\"wpforms-field-large wpforms-field-required\" name=\"wpforms[fields][17]\" required><div class=\"wpforms-field-description\"><em>Campo no visible p\u00fablicamente<\/em>.<\/div><\/div><div id=\"wpforms-10-field_8-container\" class=\"wpforms-field wpforms-field-text wpforms-one-third nopublico\" data-field-id=\"8\"><label class=\"wpforms-field-label\" for=\"wpforms-10-field_8\">Localidad<\/label><input type=\"text\" id=\"wpforms-10-field_8\" class=\"wpforms-field-large\" name=\"wpforms[fields][8]\" ><div class=\"wpforms-field-description\"><em>Campo no visible p\u00fablicamente<\/em>.<\/div><\/div><div id=\"wpforms-10-field_7-container\" class=\"wpforms-field wpforms-field-text wpforms-one-third nopublico\" data-field-id=\"7\"><label class=\"wpforms-field-label\" for=\"wpforms-10-field_7\">Pa\u00eds<\/label><input type=\"text\" id=\"wpforms-10-field_7\" class=\"wpforms-field-large\" name=\"wpforms[fields][7]\" ><div class=\"wpforms-field-description\"><em>Campo no visible p\u00fablicamente<\/em>.<\/div><\/div><div id=\"wpforms-10-field_9-container\" class=\"wpforms-field wpforms-field-divider\" data-field-id=\"9\"><h3 id=\"wpforms-10-field_9\" name=\"wpforms[fields][9]\"> <\/h3><\/div><div id=\"wpforms-10-field_12-container\" class=\"wpforms-field wpforms-field-checkbox\" data-field-id=\"12\"><label class=\"wpforms-field-label\" for=\"wpforms-10-field_12\">Bolet\u00edn<\/label><ul id=\"wpforms-10-field_12\"><li class=\"choice-1 depth-1\"><input type=\"checkbox\" id=\"wpforms-10-field_12_1\" name=\"wpforms[fields][12][]\" value=\"Quiero recibir informaci\u00f3n relacionada con el Manifiesto y con la actividad del Colaboratorio IC\"  ><label class=\"wpforms-field-label-inline\" for=\"wpforms-10-field_12_1\">Quiero recibir informaci\u00f3n relacionada con el Manifiesto y con la actividad del Colaboratorio IC<\/label><\/li><\/ul><\/div><div id=\"wpforms-10-field_13-container\" class=\"wpforms-field wpforms-field-gdpr-checkbox\" data-field-id=\"13\"><label class=\"wpforms-field-label\" for=\"wpforms-10-field_13\">Pol\u00edticas de privacidad <span class=\"wpforms-required-label\">*<\/span><\/label><ul id=\"wpforms-10-field_13\" class=\"wpforms-field-required\"><li class=\"choice-1\"><input type=\"checkbox\" id=\"wpforms-10-field_13_1\" name=\"wpforms[fields][13][]\" value=\"He le\u00eddo y acepto las &lt;a href=&quot;https:\/\/colaboratorioic.org\/reglamento\/#politca-privacidad&quot;&gt;pol\u00edticas de privacidad&lt;\/a&gt;.\" required ><label class=\"wpforms-field-label-inline\" for=\"wpforms-10-field_13_1\">He le\u00eddo y acepto las <a href=\"https:\/\/colaboratorioic.org\/reglamento\/#politca-privacidad\">pol\u00edticas de privacidad<\/a>.<\/label><\/li><\/ul><\/div><\/div><div class=\"wpforms-submit-container\"><input type=\"hidden\" name=\"wpforms[id]\" value=\"10\"><input type=\"hidden\" name=\"wpforms[author]\" value=\"3\"><button type=\"submit\" name=\"wpforms[submit]\" id=\"wpforms-submit-10\" class=\"wpforms-submit\" data-alt-text=\"Procesando...\" data-submit-text=\"Me sumo\" aria-live=\"assertive\" value=\"wpforms-submit\">Me sumo<\/button><img loading=\"lazy\" decoding=\"async\" src=\"https:\/\/colaboratorioic.org\/wp-content\/plugins\/wpforms\/assets\/images\/submit-spin.svg\" class=\"wpforms-submit-spinner\" style=\"display: none;\" width=\"26\" height=\"26\" alt=\"Loading\"><\/div><\/form><\/div>  <!-- .wpforms-container -->[\/vc_column_text][\/vc_column][\/vc_row][vc_row][vc_column][vc_column_text]<\/p>\n<p>[\/vc_column_text][\/vc_column][\/vc_row][vc_row gap=&#8221;35&#8243; content_placement=&#8221;middle&#8221; el_id=&#8221;newsletter&#8221; css=&#8221;.vc_custom_1649222949766{border-top-width: 1px !important;padding-top: 30px !important;padding-bottom: 50px !important;border-top-color: #000000 !important;border-top-style: solid !important;}&#8221;][vc_column width=&#8221;2\/3&#8243;][vc_single_image image=&#8221;1261&#8243; img_size=&#8221;full&#8221; alignment=&#8221;right&#8221; css_animation=&#8221;fadeInLeft&#8221; css=&#8221;.vc_custom_1650318968439{padding-left: 30px !important;}&#8221;][\/vc_column][vc_column width=&#8221;1\/3&#8243;][vc_column_text el_class=&#8221;newsletter&#8221;]<\/p>\n<h3>Subscriu-te al nostre butllet\u00ed<\/h3>\n<p>Vols que la Innovaci\u00f3 Ciutadana arribe directament al teu email?[\/vc_column_text][vc_btn title=&#8221;M&#8217;APUNTE!&#8221; style=&#8221;outline&#8221; shape=&#8221;round&#8221; color=&#8221;inverse&#8221; align=&#8221;center&#8221; button_block=&#8221;true&#8221; link=&#8221;url:https%3A%2F%2Fcolaboratorioic.org%2Fca%2Fbutlleti%2F&#8221;][\/vc_column][\/vc_row]<\/p>\n<\/div>","protected":false},"excerpt":{"rendered":"<p>[vc_row gap=&#8221;30&#8243; content_placement=&#8221;bottom&#8221; css_animation=&#8221;fadeIn&#8221; el_class=&#8221;submenus&#8221;][vc_column][vc_row_inner content_placement=&#8221;middle&#8221; css=&#8221;.vc_custom_1648710880321{padding-top: 5vh !important;padding-bottom: 1vh !important;}&#8221;][vc_column_inner width=&#8221;3\/5&#8243;][vc_column_text] Manifest Posem la Innovaci\u00f3 Ciutadana en l&#8217;agenda p\u00fablica. Quantes m\u00e9s i m\u00e9s diverses siguem, m\u00e9s pot\u00e8ncia tindr\u00e0 aquest moviment. S\u00daMAT-HI! [\/vc_column_text][\/vc_column_inner][vc_column_inner width=&#8221;2\/5&#8243;][vc_single_image image=&#8221;1196&#8243; img_size=&#8221;full&#8221; css_animation=&#8221;left-to-right&#8221;][\/vc_column_inner][\/vc_row_inner][vc_icon type=&#8221;material&#8221; icon_material=&#8221;vc-material vc-material-arrow_downward&#8221; color=&#8221;custom&#8221; size=&#8221;lg&#8221; css_animation=&#8221;fadeInDown&#8221; custom_color=&#8221;#f4adad&#8221;][vc_separator color=&#8221;black&#8221; border_width=&#8221;2&#8243; el_class=&#8221;nomarginbottom&#8221;][\/vc_column][\/vc_row][vc_row css_animation=&#8221;fadeIn&#8221;][vc_column][vc_tta_tabs style=&#8221;outline&#8221; shape=&#8221;round&#8221; color=&#8221;black&#8221; spacing=&#8221;30&#8243; active_section=&#8221;1&#8243; no_fill_content_area=&#8221;true&#8221; css=&#8221;.vc_custom_1650867839235{background-color:&hellip;<\/p>\n","protected":false},"author":3,"featured_media":1198,"parent":0,"menu_order":0,"comment_status":"closed","ping_status":"open","template":"","meta":{"_acf_changed":false,"footnotes":""},"class_list":["post-1360","page","type-page","status-publish","has-post-thumbnail","hentry"],"acf":[],"_links":{"self":[{"href":"https:\/\/colaboratorioic.org\/ca\/wp-json\/wp\/v2\/pages\/1360","targetHints":{"allow":["GET"]}}],"collection":[{"href":"https:\/\/colaboratorioic.org\/ca\/wp-json\/wp\/v2\/pages"}],"about":[{"href":"https:\/\/colaboratorioic.org\/ca\/wp-json\/wp\/v2\/types\/page"}],"author":[{"embeddable":true,"href":"https:\/\/colaboratorioic.org\/ca\/wp-json\/wp\/v2\/users\/3"}],"replies":[{"embeddable":true,"href":"https:\/\/colaboratorioic.org\/ca\/wp-json\/wp\/v2\/comments?post=1360"}],"version-history":[{"count":22,"href":"https:\/\/colaboratorioic.org\/ca\/wp-json\/wp\/v2\/pages\/1360\/revisions"}],"predecessor-version":[{"id":3155,"href":"https:\/\/colaboratorioic.org\/ca\/wp-json\/wp\/v2\/pages\/1360\/revisions\/3155"}],"wp:featuredmedia":[{"embeddable":true,"href":"https:\/\/colaboratorioic.org\/ca\/wp-json\/wp\/v2\/media\/1198"}],"wp:attachment":[{"href":"https:\/\/colaboratorioic.org\/ca\/wp-json\/wp\/v2\/media?parent=1360"}],"curies":[{"name":"wp","href":"https:\/\/api.w.org\/{rel}","templated":true}]}}